{"id":12310,"date":"2022-07-20T10:57:57","date_gmt":"2022-07-20T14:57:57","guid":{"rendered":"https:\/\/renewablesassociation.ca\/?page_id=12310"},"modified":"2022-07-20T10:57:58","modified_gmt":"2022-07-20T14:57:58","slug":"canrea-coordonnateur-trice-des-ventes-adhesion","status":"publish","type":"page","link":"https:\/\/renewablesassociation.ca\/fr\/carrieres\/canrea-coordonnateur-trice-des-ventes-adhesion\/","title":{"rendered":"CanREA- Coordonnateur(-trice) des ventes\u00a0\u2013\u00a0adh\u00e9sion"},"content":{"rendered":"\n<h3 class=\"wp-block-heading\">Le poste<\/h3>\n\n\n\n<p>CanREA est \u00e0 la recherche d\u2019une personne tr\u00e8s motiv\u00e9e, cr\u00e9ative et enthousiaste pour se joindre \u00e0 son \u00e9quipe dynamique \u00e0 titre de <strong>coordonnateur ou coordonnatrice des ventes&nbsp;\u2013&nbsp;adh\u00e9sion<\/strong>. Il s\u2019agit d\u2019une occasion r\u00eav\u00e9e pour les adeptes de gestion durable et d\u2019environnement qui aspirent \u00e0 participer activement \u00e0 la transformation du bouquet \u00e9nerg\u00e9tique canadien. Relevant du vice-pr\u00e9sident, D\u00e9veloppement des affaires, finances et op\u00e9rations, le coordonnateur ou la coordonnatrice conduira des recherches pour actualiser et allonger notre liste de membres potentiels, organisera des r\u00e9unions commerciales et agira \u00e0 titre de personne-ressource principale aupr\u00e8s des membres pour les activit\u00e9s commerciales.<\/p>\n\n\n\n<p>Il s\u2019agit d\u2019un poste contractuel qui prend fin le 28&nbsp;f\u00e9vrier et qui est financ\u00e9 par le programme D\u00e9couverte de potentiels de RHIEC. Par cons\u00e9quent, le ou la titulaire doit r\u00e9pondre aux crit\u00e8res de s\u00e9lection de ce programme, et sera tenu de participer \u00e0 ses activit\u00e9s.<\/p>\n\n\n\n<h3 class=\"wp-block-heading\">Fonctions et responsabilit\u00e9s<\/h3>\n\n\n\n<p><strong>Responsabilit\u00e9s principales<\/strong><\/p>\n\n\n\n<ul class=\"wp-block-list\"><li><strong>Assister le ou la gestionnaire des ventes et les autres membres de l\u2019\u00e9quipe d\u2019adh\u00e9sion et de d\u00e9veloppement des affaires <\/strong>dans toutes les activit\u00e9s li\u00e9es \u00e0 la recherche de membres potentiels et \u00e0 l\u2019adh\u00e9sion \u00e0 l\u2019Association de ces entreprises.<\/li><li><strong>Cr\u00e9er et mettre \u00e0 jour r\u00e9guli\u00e8rement une liste de membres potentiels <\/strong>\u00e0 l\u2019aide des nombreuses techniques de g\u00e9n\u00e9ration de pistes de CanREA.<\/li><li><strong>Mener des recherches sur les entreprises d\u2019int\u00e9r\u00eat <\/strong>pour recueillir des informations cl\u00e9s<strong> <\/strong>(entreprise nouvelle ou active dans le secteur des \u00e9nergies renouvelables, technologies employ\u00e9es, projets auxquels elle participe, raisons de l\u2019adh\u00e9sion, etc.) et obtenir leurs coordonn\u00e9es.<\/li><li><strong>Pr\u00e9parer et organiser les r\u00e9unions commerciales <\/strong>pour le ou la gestionnaire des ventes et les autres membres de l\u2019\u00e9quipe d\u2019adh\u00e9sion et de d\u00e9veloppement des affaires.<\/li><li><strong>Entrer des donn\u00e9es et des informations<\/strong> sur les membres potentiels et actuels dans notre syst\u00e8me de gestion organisationnelle (base de donn\u00e9es). Soutenir la conception et la mise en \u0153uvre du programme de recrutement et de renouvellement des membres.<\/li><li><strong>Contribuer \u00e0 la r\u00e9daction de rapports, de renseignements ou de listes de membres <\/strong>selon les besoins de diverses \u00e9quipes.<\/li><li><strong>Agir \u00e0 titre de personne-ressource principale pour l\u2019adh\u00e9sion des membres<\/strong>, y compris en traitant la bo\u00eete de courriel ventes@associationrenouvelable.ca.<\/li><li>Autres t\u00e2ches et responsabilit\u00e9s d\u00e9finies par la haute direction, le cas \u00e9ch\u00e9ant.<\/li><\/ul>\n\n\n\n<h3 class=\"wp-block-heading\">Comp\u00e9tences<\/h3>\n\n\n\n<ul class=\"wp-block-list\"><li>Dipl\u00f4me universitaire dans un domaine pertinent ou combinaison acceptable d\u2019\u00e9tudes et d\u2019exp\u00e9rience pertinente.<\/li><li>Au moins 1&nbsp;an d\u2019exp\u00e9rience professionnelle en administration et en recherche li\u00e9e \u00e0 la vente.<\/li><li>Grande aptitude pour la recherche sur les entreprises et les march\u00e9s.<\/li><li>Service \u00e0 la client\u00e8le hors pair.<\/li><li>Excellentes comp\u00e9tences en saisie de donn\u00e9es et grand souci du d\u00e9tail.<\/li><li>Excellentes habilet\u00e9s de communication, capacit\u00e9 \u00e0 synth\u00e9tiser des id\u00e9es complexes et \u00e0 les communiquer aux parties prenantes tant \u00e0 l\u2019interne qu\u2019\u00e0 l\u2019externe de fa\u00e7on claire, concise et facile \u00e0 comprendre.<\/li><li>Connaissance g\u00e9n\u00e9rale de l\u2019industrie des \u00e9nergies renouvelables et du stockage d\u2019\u00e9nergie, un atout.<\/li><li>Exp\u00e9rience avec des organisations \u00e0 but non lucratif ou de membres ou au sein de telles organisations, un atout.<\/li><li>Ma\u00eetrise de l\u2019anglais (parl\u00e9 et \u00e9crit). Ma\u00eetrise du fran\u00e7ais (parl\u00e9 et \u00e9crit), un atout.<\/li><li>Capacit\u00e9 \u00e0 concilier travail en autonomie et travail en \u00e9quipe gr\u00e2ce \u00e0 une \u00e9thique de travail rigoureuse, un souci du travail bien fait, une bonne gestion du temps, un bon sens de l\u2019organisation, une intelligence \u00e9motionnelle et une aptitude au dialogue.<\/li><li>Capacit\u00e9 \u00e0 travailler efficacement sous pression, \u00e0 faire preuve de discr\u00e9tion, de tact, de jugement et de respect envers les autres et \u00e0 garder son sens de l\u2019humour, m\u00eame en p\u00e9riode fort occup\u00e9e ou en cas de changement de priorit\u00e9s ou d\u2019\u00e9ch\u00e9ances.<\/li><li>Souci des r\u00e9sultats, motivation personnelle, grand dynamisme, enthousiasme et esprit d\u2019initiative.<\/li><li>Grand souci du d\u00e9tail.<\/li><li>Curiosit\u00e9 et volont\u00e9 d\u2019apprendre.<\/li><li>Ma\u00eetrise des syst\u00e8mes logiciels, y compris Microsoft Word, Excel, PowerPoint, et des syst\u00e8mes de gestion de l\u2019information (syst\u00e8mes de base de donn\u00e9es).<\/li><li>Exp\u00e9rience de t\u00e9l\u00e9travail, avec ses avantages et ses inconv\u00e9nients.<\/li><\/ul>\n\n\n\n<p><strong>Veuillez noter que CanREA s\u2019est dot\u00e9e d\u2019une politique de vaccination obligatoire contre la COVID-19 pour tous ses employ\u00e9s.<\/strong><\/p>\n\n\n\n<h3 class=\"wp-block-heading\">Lieu<\/h3>\n\n\n\n<p>Notre \u00e9quipe travaille maintenant exclusivement \u00e0 distance. Des d\u00e9placements occasionnels sont \u00e0 pr\u00e9voir dans l\u2019avenir <strong>(de 5 \u00e0 10&nbsp;%)<\/strong>, principalement au Canada.<\/p>\n\n\n\n<h3 class=\"wp-block-heading\">Pour soumettre votre candidature<\/h3>\n\n\n\n<p>Veuillez soumettre un curriculum vit\u00e6 et une lettre de pr\u00e9sentation \u00e0 <a href=\"mailto:careers@businesssherpagroup.com\">careers@businesssherpagroup.com<\/a>\u00a0 expliquant en quoi vous r\u00e9pondez parfaitement aux exigences du poste.<\/p>\n\n\n\n<p>CanREA remercie l\u2019ensemble des candidates et candidats pour leur int\u00e9r\u00eat; toutefois, seules les personnes retenues pour une entrevue seront contact\u00e9es.<\/p>\n\n\n\n<h3 class=\"wp-block-heading\">Qui nous sommes<\/h3>\n\n\n\n<p>L\u2019Association canadienne de l\u2019\u00e9nergie renouvelable (CanREA) travaille \u00e0 assurer une place centrale aux \u00e9nergies \u00e9olienne et solaire et au stockage d\u2019\u00e9nergie dans l\u2019\u00e9volution du bouquet \u00e9nerg\u00e9tique canadien, en faisant valoir tout le potentiel synergique que rec\u00e8lent ces technologies pour l\u2019offre de solutions \u00e9nerg\u00e9tiques propres, flexibles et abordables. Nous sommes une association sectorielle repr\u00e9sentant pr\u00e8s de 300&nbsp;entreprises membres aupr\u00e8s des gouvernements provinciaux et f\u00e9d\u00e9ral. CanREA vise \u00e0 faire bouger les choses en mati\u00e8re l\u00e9gislative et r\u00e9glementaire dans le secteur de l\u2019\u00e9lectricit\u00e9 pour assurer un avenir durable au Canada et aux g\u00e9n\u00e9rations futures.<\/p>\n\n\n\n<p><em>CanREA souscrit au principe de l\u2019\u00e9galit\u00e9 des chances, et ses politiques et pratiques visent \u00e0 cr\u00e9er un milieu de travail inclusif et accessible. Si vous avez besoin de mesures d\u2019adaptation durant le processus de recrutement, veuillez l\u2019indiquer dans votre lettre de pr\u00e9sentation&nbsp;: nous ferons tout en notre possible pour r\u00e9pondre \u00e0 votre demande.<\/em><em><\/em><\/p>\n","protected":false},"excerpt":{"rendered":"<p>Le poste [&hellip;]<\/p>\n","protected":false},"author":1630,"featured_media":0,"parent":1407,"menu_order":107,"comment_status":"closed","ping_status":"closed","template":"","meta":{"_acf_changed":false,"_eb_attr":"","_uag_custom_page_level_css":"","footnotes":""},"tags":[],"class_list":["post-12310","page","type-page","status-publish","hentry"],"acf":[],"uagb_featured_image_src":{"full":false,"thumbnail":false,"medium":false,"medium_large":false,"large":false,"1536x1536":false,"2048x2048":false,"alm-thumbnail":false,"alm-cta":false,"alm-gallery":false,"news-img-2x":false,"news-img":false,"gform-image-choice-sm":false,"gform-image-choice-md":false,"gform-image-choice-lg":false},"uagb_author_info":{"display_name":"Judy Mitri","author_link":"https:\/\/renewablesassociation.ca\/fr\/author\/c5b476ad-aca6-4fa9-a7a5-db06884587b1\/"},"uagb_comment_info":0,"uagb_excerpt":"Le poste [&hellip;]","_links":{"self":[{"href":"https:\/\/renewablesassociation.ca\/fr\/wp-json\/wp\/v2\/pages\/12310","targetHints":{"allow":["GET"]}}],"collection":[{"href":"https:\/\/renewablesassociation.ca\/fr\/wp-json\/wp\/v2\/pages"}],"about":[{"href":"https:\/\/renewablesassociation.ca\/fr\/wp-json\/wp\/v2\/types\/page"}],"author":[{"embeddable":true,"href":"https:\/\/renewablesassociation.ca\/fr\/wp-json\/wp\/v2\/users\/1630"}],"replies":[{"embeddable":true,"href":"https:\/\/renewablesassociation.ca\/fr\/wp-json\/wp\/v2\/comments?post=12310"}],"version-history":[{"count":1,"href":"https:\/\/renewablesassociation.ca\/fr\/wp-json\/wp\/v2\/pages\/12310\/revisions"}],"predecessor-version":[{"id":12311,"href":"https:\/\/renewablesassociation.ca\/fr\/wp-json\/wp\/v2\/pages\/12310\/revisions\/12311"}],"up":[{"embeddable":true,"href":"https:\/\/renewablesassociation.ca\/fr\/wp-json\/wp\/v2\/pages\/1407"}],"wp:attachment":[{"href":"https:\/\/renewablesassociation.ca\/fr\/wp-json\/wp\/v2\/media?parent=12310"}],"wp:term":[{"taxonomy":"post_tag","embeddable":true,"href":"https:\/\/renewablesassociation.ca\/fr\/wp-json\/wp\/v2\/tags?post=12310"}],"curies":[{"name":"wp","href":"https:\/\/api.w.org\/{rel}","templated":true}]}}