{"id":11969,"date":"2022-06-13T13:34:26","date_gmt":"2022-06-13T17:34:26","guid":{"rendered":"https:\/\/renewablesassociation.ca\/?page_id=11969"},"modified":"2022-06-14T09:29:47","modified_gmt":"2022-06-14T13:29:47","slug":"enercon-canada-gestionnaire-de-lexecution-des-projets","status":"publish","type":"page","link":"https:\/\/renewablesassociation.ca\/fr\/carrieres\/enercon-canada-gestionnaire-de-lexecution-des-projets\/","title":{"rendered":"ENERCON Canada &#8211; Gestionnaire de l\u2019ex\u00e9cution des projets"},"content":{"rendered":"\n<h3 class=\"wp-block-heading\">Lieu <\/h3>\n\n\n\n<p>Montr\u00e9al, QC<\/p>\n\n\n\n<h3 class=\"wp-block-heading\">Responsabilit\u00e9s principales<\/h3>\n\n\n\n<ul class=\"wp-block-list\"><li>Agir en tant que repr\u00e9sentant de l\u2019\u00e9quipe de gestion de projet et collaborer avec les autres d\u00e9partements d\u2019ENERCON Canada (ventes, service, finances, RH, etc.) ainsi qu\u2019avec les d\u00e9partements de l\u2019entreprise mondiale ENERCON GmbH.<\/li><li>G\u00e9rer l\u2019\u00e9quipe d\u2019ex\u00e9cution du projet au sein de PM Canada &#8211; compos\u00e9e de GPM, EWM, d\u2019ing\u00e9nieurs de projet et d\u2019autres employ\u00e9s contractuels. Environ 8 \u00e0 10 rapports directs.<\/li><li>S\u2019assurer que toutes les activit\u00e9s du projet sont conformes aux normes et aux processus d\u2019ENERCON. Coordonner les exigences globales du projet en termes d\u2019\u00e9ch\u00e9ances et de produits livrables avec les intervenants d\u2019ENERCON GmbH.<\/li><li>Assurer un canal de communication \u00e0 l\u2019\u00e9quipe de projet pour les enjeux qui surviennent entre les d\u00e9partements d\u2019ENERCON Canada, les clients et les sous-traitants.<\/li><li>Travailler en \u00e9troite collaboration avec le GPM et les PMC pour d\u00e9velopper les budgets\/calendriers et mettre en oeuvre le plan de projet.<\/li><li>S\u2019assurer que les proc\u00e9dures d\u2019ENERCON GmbH en place pour les processus civils, \u00e9lectriques et logistiques sont respect\u00e9es.<\/li><li>Assurer un haut niveau de collaboration entre le GPM, le service, les ventes et l\u2019apr\u00e8s-vente.<\/li><li>Diriger la conformit\u00e9 et la diffusion des nouveaux processus d\u00e9ploy\u00e9s par la direction.<\/li><li>Assumer le r\u00f4le d\u2019int\u00e9rimaire en l\u2019absence du directeur.<\/li><li>Participer \u00e0 des r\u00e9unions avec tout le personnel de l\u2019unit\u00e9 commerciale pour discuter de l\u2019\u00e9volution des op\u00e9rations mondiales ;<\/li><li>Participer \u00e0 l\u2019am\u00e9lioration continue des processus. <\/li><\/ul>\n\n\n\n<p>Sous la responsabilit\u00e9 du directeur de la gestion des projets, le gestionnaire de l\u2019ex\u00e9cution des projets dirigera plusieurs projets \u00e9oliens, de la planification \u00e0 la remise en service, en veillant \u00e0 ce que tous soient men\u00e9s dans les d\u00e9lais et de mani\u00e8re efficace. Il participera \u00e0 l\u2019\u00e9laboration et \u00e0 la mise en oeuvre du plan d\u2019affaires du d\u00e9partement, qui sera ax\u00e9 sur les projets actuels et futurs. De plus, il jouera un r\u00f4le cl\u00e9 dans la performance du groupe et la r\u00e9alisation des objectifs commerciaux identifi\u00e9s par le biais de n\u00e9gociations contractuelles, de la supervision du budget et de l\u2019engagement de l\u2019\u00e9quipe.<\/p>\n\n\n\n<h3 class=\"wp-block-heading\">Le candidat id\u00e9al poss\u00e8de :<\/h3>\n\n\n\n<ul class=\"wp-block-list\"><li>Baccalaur\u00e9at en affaires, en ing\u00e9nierie ou dans un domaine connexe. Une ma\u00eetrise (M. Eng., M. Sc. Eng., MBA) serait un atout.<\/li><li>Minimum de 10 ans d\u2019exp\u00e9rience professionnelle (de pr\u00e9f\u00e9rence en gestion de projet)<\/li><li>Exp\u00e9rience en gestion de projet dans le domaine de la construction<\/li><li>Exp\u00e9rience dans la gestion des activit\u00e9s de logistique et de cha\u00eene d\u2019approvisionnement<\/li><li>Bilingue en anglais et en fran\u00e7ais<\/li><li>Solides comp\u00e9tences interpersonnelles et de communication<\/li><li>Capacit\u00e9 \u00e0 g\u00e9rer la n\u00e9gociation de contrats<\/li><li>Esprit entrepreneurial et ax\u00e9 r\u00e9solution de probl\u00e8mes<\/li><li>Solides comp\u00e9tences en leadership<\/li><li>Rigueur et forte \u00e9thique de travail<\/li><li>Capacit\u00e9 \u00e0 motiver et \u00e0 encourager le travail d\u2019\u00e9quipe avec une attitude positive<\/li><li>Disponibilit\u00e9 \u00e0 voyager 15 % du temps sur les sites de projets, \u00e0 travers le Canada et occasionnellement au si\u00e8ge social d\u2019ENERCON en Allemagne.<\/li><li>Logiciels applicables : MS Office, MS Project<\/li><\/ul>\n\n\n\n<p>ENERCON vous offre un environnement de travail stimulant, des avantages sociaux comp\u00e9titifs, incluant des assurances collectives compl\u00e8tes ainsi qu\u2019un R\u00e9gime Enregistr\u00e9 d\u2019\u00c9pargne Retraite.<\/p>\n\n\n\n<h3 class=\"wp-block-heading\">ENERCON Canada<\/h3>\n\n\n\n<p>Fond\u00e9e en Allemagne il y a plus de 35 ans, la soci\u00e9t\u00e9 ENERCON est un chef de file mondial en mati\u00e8re de conception et de fabrication d\u2019\u00e9oliennes. Connue dans le monde entier pour ses technologies de g\u00e9n\u00e9ratrice \u00e0 entra\u00eenement direct, ses normes de qualit\u00e9 \u00e9lev\u00e9es et ses contrats de service de longue dur\u00e9e, la compagnie est devenue synonyme de fiabilit\u00e9 et de performance. La gamme de produits d\u2019ENERCON varie de 800 kW \u00e0 5,5 MW. \u00c0 ce jour, la compagnie a install\u00e9 plus de 31 400 \u00e9oliennes dans le monde entier, ce qui repr\u00e9sente une capacit\u00e9 totale de 57 GW. Avec son si\u00e8ge social nord-am\u00e9ricain \u00e0 Montr\u00e9al (Qu\u00e9bec), des centres de service d\u2019un oc\u00e9an \u00e0 l\u2019autre, ainsi qu\u2019un entrep\u00f4t et un centre de formation accr\u00e9dit\u00e9 \u00e0 Boucherville (Qu\u00e9bec), ENERCON occupe une place importante sur le march\u00e9 canadien depuis ses d\u00e9buts en 2001. L\u2019entreprise repr\u00e9sente actuellement plus de 2 400 MW de capacit\u00e9 install\u00e9e \u00e0 travers huit provinces et territoires \u00e0 travers le Canada.<\/p>\n\n\n\n<p>Envoyez votre candidature \u00e0 : <a href=\"mailto:recrutement-canada@enercon.de\" target=\"_blank\" rel=\"noreferrer noopener\">recrutement-canada@enercon.de<\/a>   <\/p>\n\n\n\n<p>Seuls les candidats (es) s\u00e9lectionn\u00e9s seront contact\u00e9s.<\/p>\n\n\n\n<p>*Le masculin est utilis\u00e9 uniquement dans le but d\u2019all\u00e9ger le texte.<\/p>\n","protected":false},"excerpt":{"rendered":"<p>Lieu [&hellip;]<\/p>\n","protected":false},"author":1173,"featured_media":0,"parent":1407,"menu_order":97,"comment_status":"closed","ping_status":"closed","template":"","meta":{"_acf_changed":false,"_eb_attr":"","_uag_custom_page_level_css":"","footnotes":""},"tags":[],"class_list":["post-11969","page","type-page","status-publish","hentry"],"acf":[],"uagb_featured_image_src":{"full":false,"thumbnail":false,"medium":false,"medium_large":false,"large":false,"1536x1536":false,"2048x2048":false,"alm-thumbnail":false,"alm-cta":false,"alm-gallery":false,"news-img-2x":false,"news-img":false,"gform-image-choice-sm":false,"gform-image-choice-md":false,"gform-image-choice-lg":false},"uagb_author_info":{"display_name":"Lauren Scott","author_link":"https:\/\/renewablesassociation.ca\/fr\/author\/4f2bdac1-c935-4a21-87ce-25cf41f96e7f\/"},"uagb_comment_info":0,"uagb_excerpt":"Lieu [&hellip;]","_links":{"self":[{"href":"https:\/\/renewablesassociation.ca\/fr\/wp-json\/wp\/v2\/pages\/11969","targetHints":{"allow":["GET"]}}],"collection":[{"href":"https:\/\/renewablesassociation.ca\/fr\/wp-json\/wp\/v2\/pages"}],"about":[{"href":"https:\/\/renewablesassociation.ca\/fr\/wp-json\/wp\/v2\/types\/page"}],"author":[{"embeddable":true,"href":"https:\/\/renewablesassociation.ca\/fr\/wp-json\/wp\/v2\/users\/1173"}],"replies":[{"embeddable":true,"href":"https:\/\/renewablesassociation.ca\/fr\/wp-json\/wp\/v2\/comments?post=11969"}],"version-history":[{"count":6,"href":"https:\/\/renewablesassociation.ca\/fr\/wp-json\/wp\/v2\/pages\/11969\/revisions"}],"predecessor-version":[{"id":12056,"href":"https:\/\/renewablesassociation.ca\/fr\/wp-json\/wp\/v2\/pages\/11969\/revisions\/12056"}],"up":[{"embeddable":true,"href":"https:\/\/renewablesassociation.ca\/fr\/wp-json\/wp\/v2\/pages\/1407"}],"wp:attachment":[{"href":"https:\/\/renewablesassociation.ca\/fr\/wp-json\/wp\/v2\/media?parent=11969"}],"wp:term":[{"taxonomy":"post_tag","embeddable":true,"href":"https:\/\/renewablesassociation.ca\/fr\/wp-json\/wp\/v2\/tags?post=11969"}],"curies":[{"name":"wp","href":"https:\/\/api.w.org\/{rel}","templated":true}]}}