{"id":22141,"date":"2025-03-05T18:45:18","date_gmt":"2025-03-05T22:45:18","guid":{"rendered":"https:\/\/renewablesassociation.ca\/?post_type=event&#038;p=22141"},"modified":"2025-06-24T13:13:51","modified_gmt":"2025-06-24T17:13:51","slug":"le-stockage-denergie-en-alberta-sommet-de-canrea-2","status":"publish","type":"event","link":"https:\/\/renewablesassociation.ca\/fr\/event\/le-stockage-denergie-en-alberta-sommet-de-canrea-2\/","title":{"rendered":"Le stockage d\u2019\u00e9nergie en Alberta \u2013 Sommet de CanREA"},"content":{"rendered":"\n<h2 class=\"wp-block-heading\">Le 3\u00a0juin 2025<br>Calgary (Alberta)<\/h2>\n\n\n\n<p>Le 3\u00a0juin 2025, le deuxi\u00e8me Sommet annuel de CanREA sur le stockage d\u2019\u00e9nergie en Alberta s\u2019est tenu au centre-ville de Calgary. Plus de 200\u00a0leaders, d\u00e9cideurs et experts du secteur se sont r\u00e9unis pour discuter du r\u00f4le central du stockage dans le paysage \u00e9nerg\u00e9tique en \u00e9volution de l\u2019Alberta.<\/p>\n\n\n\n<figure class=\"wp-block-image size-large\"><img fetchpriority=\"high\" decoding=\"async\" width=\"1024\" height=\"512\" src=\"https:\/\/renewablesassociation.ca\/wp-content\/smush-webp\/2025\/03\/CRC004-1024x512.jpg.webp\" alt=\"\" class=\"wp-image-23265\" srcset=\"https:\/\/renewablesassociation.ca\/wp-content\/smush-webp\/2025\/03\/CRC004-1024x512.jpg.webp 1024w, https:\/\/renewablesassociation.ca\/wp-content\/smush-webp\/2025\/03\/CRC004-300x150.jpg.webp 300w, https:\/\/renewablesassociation.ca\/wp-content\/smush-webp\/2025\/03\/CRC004-768x384.jpg.webp 768w, https:\/\/renewablesassociation.ca\/wp-content\/smush-webp\/2025\/03\/CRC004-1536x768.jpg.webp 1536w, https:\/\/renewablesassociation.ca\/wp-content\/smush-webp\/2025\/03\/CRC004-2048x1024.jpg.webp 2048w\" sizes=\"(max-width: 1024px) 100vw, 1024px\" \/><figcaption class=\"wp-element-caption\"><em>L\u00e9gende : Le 3 juin 2025, plus de 200 personnes ont particip\u00e9 au Sommet de CanREA sur le stockage d\u2019\u00e9nergie en Alberta ainsi qu\u2019\u00e0 la r\u00e9ception.<\/em><\/figcaption><\/figure>\n\n\n\n<div style=\"height:20px\" aria-hidden=\"true\" class=\"wp-block-spacer\"><\/div>\n\n\n\n<p>Le Sommet a permis d\u2019explorer en profondeur le r\u00f4le potentiel des solutions de stockage dans le r\u00e9seau \u00e9lectrique de l\u2019Alberta pour r\u00e9pondre \u00e0 la demande croissante ou int\u00e9grer plus d\u2019\u00e9nergies renouvelables.<\/p>\n\n\n\n<figure class=\"wp-block-image size-large\"><img decoding=\"async\" width=\"1024\" height=\"512\" src=\"https:\/\/renewablesassociation.ca\/wp-content\/smush-webp\/2025\/03\/CRC132-1024x512.jpg.webp\" alt=\"\" class=\"wp-image-23266\" srcset=\"https:\/\/renewablesassociation.ca\/wp-content\/smush-webp\/2025\/03\/CRC132-1024x512.jpg.webp 1024w, https:\/\/renewablesassociation.ca\/wp-content\/smush-webp\/2025\/03\/CRC132-300x150.jpg.webp 300w, https:\/\/renewablesassociation.ca\/wp-content\/smush-webp\/2025\/03\/CRC132-768x384.jpg.webp 768w, https:\/\/renewablesassociation.ca\/wp-content\/smush-webp\/2025\/03\/CRC132-1536x768.jpg.webp 1536w, https:\/\/renewablesassociation.ca\/wp-content\/smush-webp\/2025\/03\/CRC132-2048x1024.jpg.webp 2048w\" sizes=\"(max-width: 1024px) 100vw, 1024px\" loading=\"lazy\" \/><figcaption class=\"wp-element-caption\"><em>L\u00e9gende : Les personnes pr\u00e9sentes ont profit\u00e9 du Sommet sur le stockage d\u2019\u00e9nergie en Alberta pour r\u00e9seauter et \u00e9changer des id\u00e9es sur le potentiel transformateur des solutions de stockage dans l\u2019\u00e9cosyst\u00e8me \u00e9nerg\u00e9tique albertain.<\/em><\/figcaption><\/figure>\n\n\n\n<div style=\"height:20px\" aria-hidden=\"true\" class=\"wp-block-spacer\"><\/div>\n\n\n\n<p>Dans un contexte de refonte des politiques et d\u2019\u00e9volution de la dynamique des march\u00e9s en Alberta, des conf\u00e9renciers experts ont communiqu\u00e9 en primeur des informations fort pr\u00e9cieuses sur le stockage d\u2019\u00e9nergie pendant ce congr\u00e8s sectoriel d\u2019une journ\u00e9e.<\/p>\n\n\n\n<p>Vittoria Bellissimo, pr\u00e9sidente et chef de la direction de CanREA, a lanc\u00e9 le Sommet en souhaitant chaleureusement la bienvenue aux personnes pr\u00e9sentes, en expliquant le programme de la journ\u00e9e et en rappelant l\u2019importance du stockage dans la future strat\u00e9gie \u00e9nerg\u00e9tique de l\u2019Alberta.<\/p>\n\n\n\n<figure class=\"wp-block-image size-large\"><img decoding=\"async\" width=\"1024\" height=\"819\" src=\"https:\/\/renewablesassociation.ca\/wp-content\/smush-webp\/2025\/03\/CRC012-1024x819.jpg.webp\" alt=\"\" class=\"wp-image-23267\" srcset=\"https:\/\/renewablesassociation.ca\/wp-content\/smush-webp\/2025\/03\/CRC012-1024x819.jpg.webp 1024w, https:\/\/renewablesassociation.ca\/wp-content\/smush-webp\/2025\/03\/CRC012-300x240.jpg.webp 300w, https:\/\/renewablesassociation.ca\/wp-content\/smush-webp\/2025\/03\/CRC012-768x614.jpg.webp 768w, https:\/\/renewablesassociation.ca\/wp-content\/smush-webp\/2025\/03\/CRC012-1536x1229.jpg.webp 1536w, https:\/\/renewablesassociation.ca\/wp-content\/smush-webp\/2025\/03\/CRC012-2048x1638.jpg.webp 2048w\" sizes=\"(max-width: 1024px) 100vw, 1024px\" loading=\"lazy\" \/><figcaption class=\"wp-element-caption\"><em>L\u00e9gende : Vittoria Bellissimo, pr\u00e9sidente et chef de la direction de CanREA, prononce son mot d\u2019ouverture au Sommet sur le stockage d\u2019\u00e9nergie en Alberta.<\/em><\/figcaption><\/figure>\n\n\n\n<div style=\"height:20px\" aria-hidden=\"true\" class=\"wp-block-spacer\"><\/div>\n\n\n\n<p>C\u2019est Nathan Neudorf, ministre de l\u2019Abordabilit\u00e9 et des Services publics de l\u2019Alberta, qui a prononc\u00e9 l\u2019allocution d\u2019ouverture du Sommet; il a soulign\u00e9 que le gouvernement provincial explorait actuellement les solutions de stockage d\u2019\u00e9nergie. Par la suite, Aaron Engen, pr\u00e9sident et chef de la direction d\u2019AESO, a fait le point sur l\u2019importance du stockage d\u2019\u00e9nergie dans le march\u00e9 dynamique de l\u2019\u00e9lectricit\u00e9 en Alberta.<\/p>\n\n\n\n<figure class=\"wp-block-image size-large\"><img loading=\"lazy\" decoding=\"async\" width=\"1024\" height=\"776\" src=\"https:\/\/renewablesassociation.ca\/wp-content\/smush-webp\/2025\/03\/CRC017-1024x776.jpg.webp\" alt=\"\" class=\"wp-image-23268\" srcset=\"https:\/\/renewablesassociation.ca\/wp-content\/smush-webp\/2025\/03\/CRC017-1024x776.jpg.webp 1024w, https:\/\/renewablesassociation.ca\/wp-content\/smush-webp\/2025\/03\/CRC017-300x227.jpg.webp 300w, https:\/\/renewablesassociation.ca\/wp-content\/smush-webp\/2025\/03\/CRC017-768x582.jpg.webp 768w, https:\/\/renewablesassociation.ca\/wp-content\/smush-webp\/2025\/03\/CRC017-1536x1163.jpg.webp 1536w, https:\/\/renewablesassociation.ca\/wp-content\/smush-webp\/2025\/03\/CRC017-2048x1551.jpg.webp 2048w\" sizes=\"(max-width: 1024px) 100vw, 1024px\" \/><figcaption class=\"wp-element-caption\"><em><em>L\u00e9gende\u00a0: Le ministre Nathan Neudorf traite du r\u00f4le du stockage d\u2019\u00e9nergie dans le march\u00e9 \u00e9nerg\u00e9tique de l\u2019Alberta.<\/em><\/em><\/figcaption><\/figure>\n\n\n\n<div style=\"height:20px\" aria-hidden=\"true\" class=\"wp-block-spacer\"><\/div>\n\n\n\n<figure class=\"wp-block-image size-large\"><img loading=\"lazy\" decoding=\"async\" width=\"1024\" height=\"703\" src=\"https:\/\/renewablesassociation.ca\/wp-content\/smush-webp\/2025\/03\/CRC021-1024x703.jpg.webp\" alt=\"\" class=\"wp-image-23269\" srcset=\"https:\/\/renewablesassociation.ca\/wp-content\/smush-webp\/2025\/03\/CRC021-1024x703.jpg.webp 1024w, https:\/\/renewablesassociation.ca\/wp-content\/smush-webp\/2025\/03\/CRC021-300x206.jpg.webp 300w, https:\/\/renewablesassociation.ca\/wp-content\/smush-webp\/2025\/03\/CRC021-768x527.jpg.webp 768w, https:\/\/renewablesassociation.ca\/wp-content\/smush-webp\/2025\/03\/CRC021-1536x1055.jpg.webp 1536w, https:\/\/renewablesassociation.ca\/wp-content\/smush-webp\/2025\/03\/CRC021-2048x1406.jpg.webp 2048w\" sizes=\"(max-width: 1024px) 100vw, 1024px\" \/><figcaption class=\"wp-element-caption\"><em><em>L\u00e9gende\u00a0: Aaron Engen partage quelques informations r\u00e9centes sur l\u2019AESO.<\/em><\/em><\/figcaption><\/figure>\n\n\n\n<div style=\"height:20px\" aria-hidden=\"true\" class=\"wp-block-spacer\"><\/div>\n\n\n\n<p>Le Sommet a aussi permis aux personnes pr\u00e9sentes de r\u00e9seauter et de discuter de l\u2019avenir du stockage d\u2019\u00e9nergie en Alberta tout en nouant des relations pr\u00e9cieuses.<\/p>\n\n\n\n<figure class=\"wp-block-image size-large\"><img loading=\"lazy\" decoding=\"async\" width=\"1024\" height=\"512\" src=\"https:\/\/renewablesassociation.ca\/wp-content\/smush-webp\/2025\/03\/CRC059-1024x512.jpg.webp\" alt=\"\" class=\"wp-image-23270\" srcset=\"https:\/\/renewablesassociation.ca\/wp-content\/smush-webp\/2025\/03\/CRC059-1024x512.jpg.webp 1024w, https:\/\/renewablesassociation.ca\/wp-content\/smush-webp\/2025\/03\/CRC059-300x150.jpg.webp 300w, https:\/\/renewablesassociation.ca\/wp-content\/smush-webp\/2025\/03\/CRC059-768x384.jpg.webp 768w, https:\/\/renewablesassociation.ca\/wp-content\/smush-webp\/2025\/03\/CRC059-1536x768.jpg.webp 1536w, https:\/\/renewablesassociation.ca\/wp-content\/smush-webp\/2025\/03\/CRC059-2048x1024.jpg.webp 2048w\" sizes=\"(max-width: 1024px) 100vw, 1024px\" \/><figcaption class=\"wp-element-caption\"><em><em>L\u00e9gende\u00a0: Les personnes pr\u00e9sentes ont r\u00e9seaut\u00e9 et tiss\u00e9 des liens d\u2019affaires.<\/em><\/em><\/figcaption><\/figure>\n\n\n\n<div style=\"height:20px\" aria-hidden=\"true\" class=\"wp-block-spacer\"><\/div>\n\n\n\n<p>La s\u00e9ance pl\u00e9ni\u00e8re inaugurale a \u00e9t\u00e9 anim\u00e9e par Allison Sears (Fasken), accompagn\u00e9e d\u2019Elias Soto (Similan Consulting) et de Nicole Spears (minist\u00e8re de l\u2019Abordabilit\u00e9 et des Services publics de l\u2019Alberta). Ensemble, ils ont explor\u00e9 l\u2019avenir des politiques sur l\u2019\u00e9lectricit\u00e9 et le transport d\u2019\u00e9nergie en Alberta, ainsi que le caract\u00e8re essentiel du stockage d\u2019\u00e9nergie.<\/p>\n\n\n\n<figure class=\"wp-block-image size-large\"><img loading=\"lazy\" decoding=\"async\" width=\"1024\" height=\"683\" src=\"https:\/\/renewablesassociation.ca\/wp-content\/smush-webp\/2025\/03\/CRC028-1024x683.jpg.webp\" alt=\"\" class=\"wp-image-23271\" srcset=\"https:\/\/renewablesassociation.ca\/wp-content\/smush-webp\/2025\/03\/CRC028-1024x683.jpg.webp 1024w, https:\/\/renewablesassociation.ca\/wp-content\/smush-webp\/2025\/03\/CRC028-300x200.jpg.webp 300w, https:\/\/renewablesassociation.ca\/wp-content\/smush-webp\/2025\/03\/CRC028-768x512.jpg.webp 768w, https:\/\/renewablesassociation.ca\/wp-content\/smush-webp\/2025\/03\/CRC028-1536x1024.jpg.webp 1536w, https:\/\/renewablesassociation.ca\/wp-content\/smush-webp\/2025\/03\/CRC028-2048x1365.jpg.webp 2048w\" sizes=\"(max-width: 1024px) 100vw, 1024px\" \/><figcaption class=\"wp-element-caption\"><em><em>L\u00e9gende\u00a0: De gauche \u00e0 droite\u00a0: L\u2019animatrice Allison Sears (Fasken) avec les pan\u00e9listes Elias Soto (Similan Consulting) et Nicole Spears (<\/em>minist\u00e8re de l\u2019Abordabilit\u00e9 et des Services publics de l\u2019Alberta<em>) lors de la s\u00e9ance pl\u00e9ni\u00e8re inaugurale, explorant l\u2019avenir des politiques sur l\u2019\u00e9lectricit\u00e9 et le transport d\u2019\u00e9nergie en Alberta, ainsi que le caract\u00e8re essentiel du stockage d\u2019\u00e9nergie.<\/em><\/em><\/figcaption><\/figure>\n\n\n\n<div style=\"height:20px\" aria-hidden=\"true\" class=\"wp-block-spacer\"><\/div>\n\n\n\n<p>Lors de la premi\u00e8re s\u00e9ance, intitul\u00e9e \u00ab\u00a0R\u00e9pondre aux besoins\u00a0: le stockage d\u2019\u00e9nergie pour approvisionner l\u2019industrie, les nouveaux centres de donn\u00e9es pour l\u2019IA et la population grandissante\u00a0\u00bb, la discussion a fait le point sur la fa\u00e7on dont les besoins en hausse (croissance industrielle et d\u00e9mographique, demande des centres de donn\u00e9es pour l\u2019IA) pourraient bient\u00f4t mettre le r\u00e9seau \u00e0 l\u2019\u00e9preuve. Les conf\u00e9renciers ont analys\u00e9 la capacit\u00e9 du r\u00e9seau de l\u2019Alberta \u00e0 assurer la fiabilit\u00e9 et tout en augmentant l\u2019offre. Ils ont soulign\u00e9 le r\u00f4le essentiel du stockage d\u2019\u00e9nergie et la possibilit\u00e9 pour les centres de donn\u00e9es d\u2019offrir des solutions novatrices en mati\u00e8re de fiabilit\u00e9.<\/p>\n\n\n\n<figure class=\"wp-block-image size-large\"><img loading=\"lazy\" decoding=\"async\" width=\"1024\" height=\"683\" src=\"https:\/\/renewablesassociation.ca\/wp-content\/smush-webp\/2025\/03\/CRC044-1024x683.jpg.webp\" alt=\"\" class=\"wp-image-23272\" srcset=\"https:\/\/renewablesassociation.ca\/wp-content\/smush-webp\/2025\/03\/CRC044-1024x683.jpg.webp 1024w, https:\/\/renewablesassociation.ca\/wp-content\/smush-webp\/2025\/03\/CRC044-300x200.jpg.webp 300w, https:\/\/renewablesassociation.ca\/wp-content\/smush-webp\/2025\/03\/CRC044-768x512.jpg.webp 768w, https:\/\/renewablesassociation.ca\/wp-content\/smush-webp\/2025\/03\/CRC044-1536x1024.jpg.webp 1536w, https:\/\/renewablesassociation.ca\/wp-content\/smush-webp\/2025\/03\/CRC044-2048x1365.jpg.webp 2048w\" sizes=\"(max-width: 1024px) 100vw, 1024px\" \/><figcaption class=\"wp-element-caption\"><em><em>L\u00e9gende\u00a0: De gauche \u00e0 droite\u00a0: L\u2019animatrice Larissa Lees (Bennett Jones) et les pan\u00e9listes Robert Davidson (AESO), Jason Beblow (URICA) et Dan Chapman (Augur Energy AI Fund) discutent des fa\u00e7ons dont le stockage d\u2019\u00e9nergie peut contribuer \u00e0 la fiabilit\u00e9 du r\u00e9seau \u00e9lectrique de l\u2019Alberta.<\/em><\/em><\/figcaption><\/figure>\n\n\n\n<div style=\"height:20px\" aria-hidden=\"true\" class=\"wp-block-spacer\"><\/div>\n\n\n\n<p>La s\u00e9ance suivante, \u00ab\u00a0R\u00e9volutionner le r\u00e9seau\u00a0: le potentiel du stockage d\u2019\u00e9nergie pour les services c\u00e2bl\u00e9s en Alberta\u00a0\u00bb, a examin\u00e9 comment le stockage d\u2019\u00e9nergie peut proposer des solutions non filaires pour le transport et la distribution d\u2019\u00e9lectricit\u00e9, am\u00e9liorer la fiabilit\u00e9 et les services compl\u00e9mentaires, optimiser les installations rapproch\u00e9es, et faciliter l\u2019arbitrage du march\u00e9. Les pan\u00e9listes ont analys\u00e9 les raisons pour lesquelles certains obstacles majeurs subsistent en Alberta malgr\u00e9 ces nombreux avantages.<\/p>\n\n\n\n<figure class=\"wp-block-image size-large\"><img loading=\"lazy\" decoding=\"async\" width=\"1024\" height=\"683\" src=\"https:\/\/renewablesassociation.ca\/wp-content\/smush-webp\/2025\/03\/CRC084-1024x683.jpg.webp\" alt=\"\" class=\"wp-image-23273\" srcset=\"https:\/\/renewablesassociation.ca\/wp-content\/smush-webp\/2025\/03\/CRC084-1024x683.jpg.webp 1024w, https:\/\/renewablesassociation.ca\/wp-content\/smush-webp\/2025\/03\/CRC084-300x200.jpg.webp 300w, https:\/\/renewablesassociation.ca\/wp-content\/smush-webp\/2025\/03\/CRC084-768x512.jpg.webp 768w, https:\/\/renewablesassociation.ca\/wp-content\/smush-webp\/2025\/03\/CRC084-1536x1024.jpg.webp 1536w, https:\/\/renewablesassociation.ca\/wp-content\/smush-webp\/2025\/03\/CRC084-2048x1365.jpg.webp 2048w\" sizes=\"(max-width: 1024px) 100vw, 1024px\" \/><figcaption class=\"wp-element-caption\"><em><em>L\u00e9gende\u00a0: De gauche \u00e0 droite\u00a0: L\u2019animatrice Hazel Saffery (Dentons Canada) et les pan\u00e9listes Mike Schoenenberger (Enfinite), Shaun Andrews (TERIC Power), Sascha D\u2019Souza (FortisAlberta) et Ruth Donald (Northland Power) discutent des obstacles \u00e0 l\u2019implantation de syst\u00e8mes de stockage d\u2019\u00e9nergie en Alberta.<\/em><\/em><\/figcaption><\/figure>\n\n\n\n<div style=\"height:20px\" aria-hidden=\"true\" class=\"wp-block-spacer\"><\/div>\n\n\n\n<p>La troisi\u00e8me s\u00e9ance, \u00ab\u00a0Ce que l\u2019exp\u00e9rience nous enseigne\u00a0: perspectives mondiales sur le stockage d\u2019\u00e9nergie\u00a0\u00bb, a r\u00e9uni des chefs de file de l\u2019industrie, qui ont partag\u00e9 leurs pr\u00e9cieux points de vue et enseignements mondiaux, mettant ainsi en lumi\u00e8re la mani\u00e8re dont l\u2019Alberta peut int\u00e9grer plus d\u2019\u00e9nergies renouvelables et tirer pleinement profit du stockage d\u2019\u00e9nergie afin de fournir de l\u2019\u00e9lectricit\u00e9 abordable, fiable et propre.<\/p>\n\n\n\n<figure class=\"wp-block-image size-large\"><img loading=\"lazy\" decoding=\"async\" width=\"1024\" height=\"819\" src=\"https:\/\/renewablesassociation.ca\/wp-content\/smush-webp\/2025\/03\/CRC101-1024x819.jpg.webp\" alt=\"\" class=\"wp-image-23274\" srcset=\"https:\/\/renewablesassociation.ca\/wp-content\/smush-webp\/2025\/03\/CRC101-1024x819.jpg.webp 1024w, https:\/\/renewablesassociation.ca\/wp-content\/smush-webp\/2025\/03\/CRC101-300x240.jpg.webp 300w, https:\/\/renewablesassociation.ca\/wp-content\/smush-webp\/2025\/03\/CRC101-768x614.jpg.webp 768w, https:\/\/renewablesassociation.ca\/wp-content\/smush-webp\/2025\/03\/CRC101-1536x1229.jpg.webp 1536w, https:\/\/renewablesassociation.ca\/wp-content\/smush-webp\/2025\/03\/CRC101-2048x1638.jpg.webp 2048w\" sizes=\"(max-width: 1024px) 100vw, 1024px\" \/><figcaption class=\"wp-element-caption\"><em><em>L\u00e9gende\u00a0: De gauche \u00e0 droite\u00a0: L\u2019animatrice Rosa Twyman (Regulatory Law Chambers) et les pan\u00e9listes Kathleen Spees (The Brattle Group), Doug Moorehead (ENGIE), Ran Long (DNV) et Austin Zacharko (Sungrow) ont discut\u00e9 des perspectives internationales en mati\u00e8re de stockage d\u2019\u00e9nergie ainsi que des moyens par lesquels l\u2019Alberta peut s\u2019en inspirer pour acc\u00e9l\u00e9rer son adoption et son int\u00e9gration sur le march\u00e9.<\/em><\/em><\/figcaption><\/figure>\n\n\n\n<div style=\"height:20px\" aria-hidden=\"true\" class=\"wp-block-spacer\"><\/div>\n\n\n\n<p>La derni\u00e8re s\u00e9ance du Sommet, \u00ab\u00a0Foncer droit devant\u00a0: innovation en stockage d\u2019\u00e9nergie\u00a0\u00bb, les pan\u00e9listes ont d\u00e9gag\u00e9 des perspectives utiles sur l\u2019avenir qui se dessine pour le stockage, notamment vu ce qui se fait \u00e0 l\u2019avant-garde de l\u2019industrie et le soutien qu\u2019apportent des organisations innovantes au progr\u00e8s technologique en la mati\u00e8re.<\/p>\n\n\n\n<figure class=\"wp-block-image size-large\"><img loading=\"lazy\" decoding=\"async\" width=\"1024\" height=\"683\" src=\"https:\/\/renewablesassociation.ca\/wp-content\/smush-webp\/2025\/03\/CRC116-1024x683.jpg.webp\" alt=\"\" class=\"wp-image-23275\" srcset=\"https:\/\/renewablesassociation.ca\/wp-content\/smush-webp\/2025\/03\/CRC116-1024x683.jpg.webp 1024w, https:\/\/renewablesassociation.ca\/wp-content\/smush-webp\/2025\/03\/CRC116-300x200.jpg.webp 300w, https:\/\/renewablesassociation.ca\/wp-content\/smush-webp\/2025\/03\/CRC116-768x512.jpg.webp 768w, https:\/\/renewablesassociation.ca\/wp-content\/smush-webp\/2025\/03\/CRC116-1536x1024.jpg.webp 1536w, https:\/\/renewablesassociation.ca\/wp-content\/smush-webp\/2025\/03\/CRC116-2048x1365.jpg.webp 2048w\" sizes=\"(max-width: 1024px) 100vw, 1024px\" \/><figcaption class=\"wp-element-caption\"><em><em>L\u00e9gende\u00a0: De gauche \u00e0 droite\u00a0: L\u2019animatrice Amanda Mitchell (Alberta Innovates) et les pan\u00e9listes Andrew Haughian (Pangaea Ventures), Jan Poetsch (Arder Energy), Jordan Costley (Cache Power Corp.) et Heather Stephens (Emissions Reductions Alberta) ont pr\u00e9sent\u00e9 les r\u00e9centes avanc\u00e9es et les solutions novatrices en mati\u00e8re de stockage d\u2019\u00e9nergie.<\/em><\/em><\/figcaption><\/figure>\n\n\n\n<div style=\"height:20px\" aria-hidden=\"true\" class=\"wp-block-spacer\"><\/div>\n\n\n\n<p>Dans l\u2019ensemble, le Sommet de CanREA sur le stockage d\u2019\u00e9nergie en Alberta a donn\u00e9 aux personnes pr\u00e9sentes un pr\u00e9cieux avant-go\u00fbt de l\u2019avenir du stockage d\u2019\u00e9nergie en Alberta et leur a permis de mieux comprendre l\u2019\u00e9volution des march\u00e9s, les possibilit\u00e9s et les perc\u00e9es technologiques qui paveront la voie vers un avenir \u00e9nerg\u00e9tique plus fiable pour l\u2019Alberta, compte tenu des besoins grandissants des industries et des centres de donn\u00e9es pour l\u2019IA ainsi que de la demande d\u2019\u00e9lectricit\u00e9 en hausse.<\/p>\n\n\n\n<figure class=\"wp-block-image size-large\"><img loading=\"lazy\" decoding=\"async\" width=\"1024\" height=\"683\" src=\"https:\/\/renewablesassociation.ca\/wp-content\/smush-webp\/2025\/03\/CRC066-1024x683.jpg.webp\" alt=\"\" class=\"wp-image-23276\" srcset=\"https:\/\/renewablesassociation.ca\/wp-content\/smush-webp\/2025\/03\/CRC066-1024x683.jpg.webp 1024w, https:\/\/renewablesassociation.ca\/wp-content\/smush-webp\/2025\/03\/CRC066-300x200.jpg.webp 300w, https:\/\/renewablesassociation.ca\/wp-content\/smush-webp\/2025\/03\/CRC066-768x512.jpg.webp 768w, https:\/\/renewablesassociation.ca\/wp-content\/smush-webp\/2025\/03\/CRC066-1536x1024.jpg.webp 1536w, https:\/\/renewablesassociation.ca\/wp-content\/smush-webp\/2025\/03\/CRC066-2048x1365.jpg.webp 2048w\" sizes=\"(max-width: 1024px) 100vw, 1024px\" \/><\/figure>\n\n\n\n<figure class=\"wp-block-image size-large\"><img loading=\"lazy\" decoding=\"async\" width=\"1024\" height=\"512\" src=\"https:\/\/renewablesassociation.ca\/wp-content\/smush-webp\/2025\/03\/CRC073-1024x512.jpg.webp\" alt=\"\" class=\"wp-image-23277\" srcset=\"https:\/\/renewablesassociation.ca\/wp-content\/smush-webp\/2025\/03\/CRC073-1024x512.jpg.webp 1024w, https:\/\/renewablesassociation.ca\/wp-content\/smush-webp\/2025\/03\/CRC073-300x150.jpg.webp 300w, https:\/\/renewablesassociation.ca\/wp-content\/smush-webp\/2025\/03\/CRC073-768x384.jpg.webp 768w, https:\/\/renewablesassociation.ca\/wp-content\/smush-webp\/2025\/03\/CRC073-1536x768.jpg.webp 1536w, https:\/\/renewablesassociation.ca\/wp-content\/smush-webp\/2025\/03\/CRC073-2048x1024.jpg.webp 2048w\" sizes=\"(max-width: 1024px) 100vw, 1024px\" \/><figcaption class=\"wp-element-caption\"><em><em>L\u00e9gende\u00a0: Le sommet a suscit\u00e9 des discussions anim\u00e9es et des p\u00e9riodes de profonde r\u00e9flexion tout au long de la journ\u00e9e.<\/em><\/em><\/figcaption><\/figure>\n\n\n\n<div style=\"height:20px\" aria-hidden=\"true\" class=\"wp-block-spacer\"><\/div>\n\n\n\n<figure class=\"wp-block-image size-large\"><img loading=\"lazy\" decoding=\"async\" width=\"1024\" height=\"683\" src=\"https:\/\/renewablesassociation.ca\/wp-content\/smush-webp\/2025\/03\/CRC008-1024x683.jpg.webp\" alt=\"\" class=\"wp-image-23278\" srcset=\"https:\/\/renewablesassociation.ca\/wp-content\/smush-webp\/2025\/03\/CRC008-1024x683.jpg.webp 1024w, https:\/\/renewablesassociation.ca\/wp-content\/smush-webp\/2025\/03\/CRC008-300x200.jpg.webp 300w, https:\/\/renewablesassociation.ca\/wp-content\/smush-webp\/2025\/03\/CRC008-768x512.jpg.webp 768w, https:\/\/renewablesassociation.ca\/wp-content\/smush-webp\/2025\/03\/CRC008-1536x1024.jpg.webp 1536w, https:\/\/renewablesassociation.ca\/wp-content\/smush-webp\/2025\/03\/CRC008-2048x1365.jpg.webp 2048w\" sizes=\"(max-width: 1024px) 100vw, 1024px\" \/><figcaption class=\"wp-element-caption\"><em>L\u00e9gende\u00a0:<\/em> Le ministre Nathan Neudorf, Vittoria Bellissimo (CanREA), Radha Rajagopalan (CanREA), Aaron Engen (AESO) et Evan Wilson (CanREA).<\/figcaption><\/figure>\n\n\n\n<figure class=\"wp-block-image size-large\"><img loading=\"lazy\" decoding=\"async\" width=\"1024\" height=\"819\" src=\"https:\/\/renewablesassociation.ca\/wp-content\/smush-webp\/2025\/03\/CRC037-1024x819.jpg.webp\" alt=\"\" class=\"wp-image-23279\" srcset=\"https:\/\/renewablesassociation.ca\/wp-content\/smush-webp\/2025\/03\/CRC037-1024x819.jpg.webp 1024w, https:\/\/renewablesassociation.ca\/wp-content\/smush-webp\/2025\/03\/CRC037-300x240.jpg.webp 300w, https:\/\/renewablesassociation.ca\/wp-content\/smush-webp\/2025\/03\/CRC037-768x614.jpg.webp 768w, https:\/\/renewablesassociation.ca\/wp-content\/smush-webp\/2025\/03\/CRC037-1536x1229.jpg.webp 1536w, https:\/\/renewablesassociation.ca\/wp-content\/smush-webp\/2025\/03\/CRC037-2048x1638.jpg.webp 2048w\" sizes=\"(max-width: 1024px) 100vw, 1024px\" \/><figcaption class=\"wp-element-caption\"><em>L\u00e9gende\u00a0:<\/em> Evan Wilson, Nagwan Al-Guneid (d\u00e9put\u00e9e du NPD \u00e0 l\u2019Assembl\u00e9e l\u00e9gislative de l\u2019Alberta), Radha Rajagopalan et Vittoria Bellissimo.<\/figcaption><\/figure>\n\n\n\n<figure class=\"wp-block-image size-large\"><img loading=\"lazy\" decoding=\"async\" width=\"1024\" height=\"819\" src=\"https:\/\/renewablesassociation.ca\/wp-content\/smush-webp\/2025\/03\/CRC011-1024x819.jpg.webp\" alt=\"\" class=\"wp-image-23280\" srcset=\"https:\/\/renewablesassociation.ca\/wp-content\/smush-webp\/2025\/03\/CRC011-1024x819.jpg.webp 1024w, https:\/\/renewablesassociation.ca\/wp-content\/smush-webp\/2025\/03\/CRC011-300x240.jpg.webp 300w, https:\/\/renewablesassociation.ca\/wp-content\/smush-webp\/2025\/03\/CRC011-768x614.jpg.webp 768w, https:\/\/renewablesassociation.ca\/wp-content\/smush-webp\/2025\/03\/CRC011-1536x1229.jpg.webp 1536w, https:\/\/renewablesassociation.ca\/wp-content\/smush-webp\/2025\/03\/CRC011-2048x1638.jpg.webp 2048w\" sizes=\"(max-width: 1024px) 100vw, 1024px\" \/><figcaption class=\"wp-element-caption\"><em>L\u00e9gende\u00a0:<\/em> Radha Rajagopalan avec Jason Beblow de URICA Energy Management Corporation et Nasreddine Guerfala d\u2019Edgecom.<\/figcaption><\/figure>\n\n\n\n<div style=\"height:20px\" aria-hidden=\"true\" class=\"wp-block-spacer\"><\/div>\n\n\n\n<h2 class=\"wp-block-heading\">Merci<\/h2>\n\n\n\n<p>Merci \u00e0 nos commanditaires pour leur g\u00e9n\u00e9reuse contribution au succ\u00e8s retentissant de l\u2019\u00e9v\u00e9nement de CanREA.<\/p>\n\n\n\n<figure class=\"wp-block-image size-large\"><img loading=\"lazy\" decoding=\"async\" width=\"1024\" height=\"819\" src=\"https:\/\/renewablesassociation.ca\/wp-content\/smush-webp\/2025\/03\/CRC091-1024x819.jpg.webp\" alt=\"\" class=\"wp-image-23281\" srcset=\"https:\/\/renewablesassociation.ca\/wp-content\/smush-webp\/2025\/03\/CRC091-1024x819.jpg.webp 1024w, https:\/\/renewablesassociation.ca\/wp-content\/smush-webp\/2025\/03\/CRC091-300x240.jpg.webp 300w, https:\/\/renewablesassociation.ca\/wp-content\/smush-webp\/2025\/03\/CRC091-768x614.jpg.webp 768w, https:\/\/renewablesassociation.ca\/wp-content\/smush-webp\/2025\/03\/CRC091-1536x1229.jpg.webp 1536w, https:\/\/renewablesassociation.ca\/wp-content\/smush-webp\/2025\/03\/CRC091-2048x1638.jpg.webp 2048w\" sizes=\"(max-width: 1024px) 100vw, 1024px\" \/><figcaption class=\"wp-element-caption\"><em>L\u00e9gende\u00a0:<\/em> Radha Rajagopalan avec Larissa Lees et Erin Allison de Bennett Jones.<\/figcaption><\/figure>\n\n\n\n<figure class=\"wp-block-image size-large\"><img loading=\"lazy\" decoding=\"async\" width=\"1024\" height=\"819\" src=\"https:\/\/renewablesassociation.ca\/wp-content\/smush-webp\/2025\/03\/CRC128-1024x819.jpg.webp\" alt=\"\" class=\"wp-image-23283\" srcset=\"https:\/\/renewablesassociation.ca\/wp-content\/smush-webp\/2025\/03\/CRC128-1024x819.jpg.webp 1024w, https:\/\/renewablesassociation.ca\/wp-content\/smush-webp\/2025\/03\/CRC128-300x240.jpg.webp 300w, https:\/\/renewablesassociation.ca\/wp-content\/smush-webp\/2025\/03\/CRC128-768x614.jpg.webp 768w, https:\/\/renewablesassociation.ca\/wp-content\/smush-webp\/2025\/03\/CRC128-1536x1229.jpg.webp 1536w, https:\/\/renewablesassociation.ca\/wp-content\/smush-webp\/2025\/03\/CRC128-2048x1638.jpg.webp 2048w\" sizes=\"(max-width: 1024px) 100vw, 1024px\" \/><figcaption class=\"wp-element-caption\"><em>L\u00e9gende\u00a0:<\/em> Jason White et Katie Ewanchuk d\u2019Enfinite avec Radha Rajagopalan et Evan Wilson.<\/figcaption><\/figure>\n\n\n\n<figure class=\"wp-block-image size-large\"><img loading=\"lazy\" decoding=\"async\" width=\"1024\" height=\"819\" src=\"https:\/\/renewablesassociation.ca\/wp-content\/smush-webp\/2025\/03\/CRC112-1024x819.jpg.webp\" alt=\"\" class=\"wp-image-23282\" srcset=\"https:\/\/renewablesassociation.ca\/wp-content\/smush-webp\/2025\/03\/CRC112-1024x819.jpg.webp 1024w, https:\/\/renewablesassociation.ca\/wp-content\/smush-webp\/2025\/03\/CRC112-300x240.jpg.webp 300w, https:\/\/renewablesassociation.ca\/wp-content\/smush-webp\/2025\/03\/CRC112-768x614.jpg.webp 768w, https:\/\/renewablesassociation.ca\/wp-content\/smush-webp\/2025\/03\/CRC112-1536x1229.jpg.webp 1536w, https:\/\/renewablesassociation.ca\/wp-content\/smush-webp\/2025\/03\/CRC112-2048x1638.jpg.webp 2048w\" sizes=\"(max-width: 1024px) 100vw, 1024px\" \/><figcaption class=\"wp-element-caption\"><em>L\u00e9gende\u00a0:<\/em> Rosa Twyman de Regulatory Law Chambers avec Radha Rajagopalan.<\/figcaption><\/figure>\n\n\n\n<figure class=\"wp-block-image size-large\"><img loading=\"lazy\" decoding=\"async\" width=\"1024\" height=\"819\" src=\"https:\/\/renewablesassociation.ca\/wp-content\/smush-webp\/2025\/03\/CRC111-1024x819.jpg.webp\" alt=\"\" class=\"wp-image-23284\" srcset=\"https:\/\/renewablesassociation.ca\/wp-content\/smush-webp\/2025\/03\/CRC111-1024x819.jpg.webp 1024w, https:\/\/renewablesassociation.ca\/wp-content\/smush-webp\/2025\/03\/CRC111-300x240.jpg.webp 300w, https:\/\/renewablesassociation.ca\/wp-content\/smush-webp\/2025\/03\/CRC111-768x614.jpg.webp 768w, https:\/\/renewablesassociation.ca\/wp-content\/smush-webp\/2025\/03\/CRC111-1536x1229.jpg.webp 1536w, https:\/\/renewablesassociation.ca\/wp-content\/smush-webp\/2025\/03\/CRC111-2048x1638.jpg.webp 2048w\" sizes=\"(max-width: 1024px) 100vw, 1024px\" \/><figcaption class=\"wp-element-caption\"><em>L\u00e9gende\u00a0:<\/em> Radha Rajagopalan (CanREA) avec Austin Zacharko de Sungrow.<\/figcaption><\/figure>\n\n\n\n<figure class=\"wp-block-image size-large\"><img loading=\"lazy\" decoding=\"async\" width=\"1024\" height=\"819\" src=\"https:\/\/renewablesassociation.ca\/wp-content\/smush-webp\/2025\/03\/CRC090-1024x819.jpg.webp\" alt=\"\" class=\"wp-image-23285\" srcset=\"https:\/\/renewablesassociation.ca\/wp-content\/smush-webp\/2025\/03\/CRC090-1024x819.jpg.webp 1024w, https:\/\/renewablesassociation.ca\/wp-content\/smush-webp\/2025\/03\/CRC090-300x240.jpg.webp 300w, https:\/\/renewablesassociation.ca\/wp-content\/smush-webp\/2025\/03\/CRC090-768x614.jpg.webp 768w, https:\/\/renewablesassociation.ca\/wp-content\/smush-webp\/2025\/03\/CRC090-1536x1229.jpg.webp 1536w, https:\/\/renewablesassociation.ca\/wp-content\/smush-webp\/2025\/03\/CRC090-2048x1638.jpg.webp 2048w\" sizes=\"(max-width: 1024px) 100vw, 1024px\" \/><figcaption class=\"wp-element-caption\"><em>L\u00e9gende\u00a0:<\/em> Luz Mendez et Ruth Donald de Northland Power avec Radha Rajagopalan.<\/figcaption><\/figure>\n\n\n\n<figure class=\"wp-block-image size-large\"><img loading=\"lazy\" decoding=\"async\" width=\"1024\" height=\"819\" src=\"https:\/\/renewablesassociation.ca\/wp-content\/smush-webp\/2025\/03\/CRC006-1024x819.jpg.webp\" alt=\"\" class=\"wp-image-23286\" srcset=\"https:\/\/renewablesassociation.ca\/wp-content\/smush-webp\/2025\/03\/CRC006-1024x819.jpg.webp 1024w, https:\/\/renewablesassociation.ca\/wp-content\/smush-webp\/2025\/03\/CRC006-300x240.jpg.webp 300w, https:\/\/renewablesassociation.ca\/wp-content\/smush-webp\/2025\/03\/CRC006-768x614.jpg.webp 768w, https:\/\/renewablesassociation.ca\/wp-content\/smush-webp\/2025\/03\/CRC006-1536x1229.jpg.webp 1536w, https:\/\/renewablesassociation.ca\/wp-content\/smush-webp\/2025\/03\/CRC006-2048x1638.jpg.webp 2048w\" sizes=\"(max-width: 1024px) 100vw, 1024px\" \/><figcaption class=\"wp-element-caption\"><em>L\u00e9gende\u00a0:<\/em> L\u2019\u00e9quipe d\u2019Enfinite avec Vittoria Bellissimo (CanREA).<\/figcaption><\/figure>\n\n\n\n<div style=\"height:20px\" aria-hidden=\"true\" class=\"wp-block-spacer\"><\/div>\n\n\n\n<p>Vous souhaitez assister \u00e0 un \u00e9v\u00e9nement de CanREA? Voyez le calendrier <a href=\"https:\/\/renewablesassociation.ca\/fr\/?p=18854\" target=\"_blank\" rel=\"noreferrer noopener\">ici<\/a>. <a href=\"https:\/\/renewablesassociation.ca\/fr\/?p=18774\"><\/a><\/p>\n\n\n\n<p><\/p>\n","protected":false},"excerpt":{"rendered":"<p>Le 3&nbsp;juin 2025, le deuxi&egrave;me Sommet annuel de CanREA sur le stockage d&rsquo;&eacute;nergie en Alberta s&rsquo;est tenu au centre-ville de Calgary. Plus de 200&nbsp;leaders, d&eacute;cideurs et experts du secteur se sont r&eacute;unis pour discuter du r&ocirc;le central du stockage dans le paysage &eacute;nerg&eacute;tique en &eacute;volution de l&rsquo;Alberta. [&hellip;]<\/p>\n","protected":false},"featured_media":22145,"template":"","tags":[],"event_taxonomy":[49],"class_list":["post-22141","event","type-event","status-publish","has-post-thumbnail","hentry","event_taxonomy-evenements"],"acf":[],"uagb_featured_image_src":{"full":["https:\/\/renewablesassociation.ca\/wp-content\/uploads\/2025\/03\/ESA-FR-web.png",1024,830,false],"thumbnail":["https:\/\/renewablesassociation.ca\/wp-content\/uploads\/2025\/03\/ESA-FR-web-150x150.png",150,150,true],"medium":["https:\/\/renewablesassociation.ca\/wp-content\/uploads\/2025\/03\/ESA-FR-web-300x243.png",300,243,true],"medium_large":["https:\/\/renewablesassociation.ca\/wp-content\/uploads\/2025\/03\/ESA-FR-web-768x623.png",768,623,true],"large":["https:\/\/renewablesassociation.ca\/wp-content\/uploads\/2025\/03\/ESA-FR-web.png",1024,830,false],"1536x1536":["https:\/\/renewablesassociation.ca\/wp-content\/uploads\/2025\/03\/ESA-FR-web.png",1024,830,false],"2048x2048":["https:\/\/renewablesassociation.ca\/wp-content\/uploads\/2025\/03\/ESA-FR-web.png",1024,830,false],"alm-thumbnail":["https:\/\/renewablesassociation.ca\/wp-content\/uploads\/2025\/03\/ESA-FR-web-150x150.png",150,150,true],"alm-cta":["https:\/\/renewablesassociation.ca\/wp-content\/uploads\/2025\/03\/ESA-FR-web-800x450.png",800,450,true],"alm-gallery":["https:\/\/renewablesassociation.ca\/wp-content\/uploads\/2025\/03\/ESA-FR-web-800x600.png",800,600,true],"news-img-2x":["https:\/\/renewablesassociation.ca\/wp-content\/uploads\/2025\/03\/ESA-FR-web.png",1024,830,false],"news-img":["https:\/\/renewablesassociation.ca\/wp-content\/uploads\/2025\/03\/ESA-FR-web-690x515.png",690,515,true],"gform-image-choice-sm":["https:\/\/renewablesassociation.ca\/wp-content\/uploads\/2025\/03\/ESA-FR-web.png",300,243,false],"gform-image-choice-md":["https:\/\/renewablesassociation.ca\/wp-content\/uploads\/2025\/03\/ESA-FR-web.png",400,324,false],"gform-image-choice-lg":["https:\/\/renewablesassociation.ca\/wp-content\/uploads\/2025\/03\/ESA-FR-web.png",600,486,false]},"uagb_author_info":{"display_name":"Melissa McDougall","author_link":"https:\/\/renewablesassociation.ca\/fr\/author\/"},"uagb_comment_info":0,"uagb_excerpt":"Le 3&nbsp;juin 2025, le deuxi&egrave;me Sommet annuel de CanREA sur le stockage d&rsquo;&eacute;nergie en Alberta s&rsquo;est tenu au centre-ville de Calgary. Plus de 200&nbsp;leaders, d&eacute;cideurs et experts du secteur se sont r&eacute;unis pour discuter du r&ocirc;le central du stockage dans le paysage &eacute;nerg&eacute;tique en &eacute;volution de l&rsquo;Alberta. [&hellip;]","_links":{"self":[{"href":"https:\/\/renewablesassociation.ca\/fr\/wp-json\/wp\/v2\/event\/22141","targetHints":{"allow":["GET"]}}],"collection":[{"href":"https:\/\/renewablesassociation.ca\/fr\/wp-json\/wp\/v2\/event"}],"about":[{"href":"https:\/\/renewablesassociation.ca\/fr\/wp-json\/wp\/v2\/types\/event"}],"wp:featuredmedia":[{"embeddable":true,"href":"https:\/\/renewablesassociation.ca\/fr\/wp-json\/wp\/v2\/media\/22145"}],"wp:attachment":[{"href":"https:\/\/renewablesassociation.ca\/fr\/wp-json\/wp\/v2\/media?parent=22141"}],"wp:term":[{"taxonomy":"post_tag","embeddable":true,"href":"https:\/\/renewablesassociation.ca\/fr\/wp-json\/wp\/v2\/tags?post=22141"},{"taxonomy":"event_taxonomy","embeddable":true,"href":"https:\/\/renewablesassociation.ca\/fr\/wp-json\/wp\/v2\/event_taxonomy?post=22141"}],"curies":[{"name":"wp","href":"https:\/\/api.w.org\/{rel}","templated":true}]}}