{"id":19518,"date":"2024-04-08T17:57:04","date_gmt":"2024-04-08T21:57:04","guid":{"rendered":"https:\/\/renewablesassociation.ca\/?post_type=event&#038;p=19518"},"modified":"2024-09-26T17:40:57","modified_gmt":"2024-09-26T21:40:57","slug":"canrea-se-branche-alberta","status":"publish","type":"event","link":"https:\/\/renewablesassociation.ca\/fr\/event\/canrea-se-branche-alberta\/","title":{"rendered":"CanREA se branche \u2013 Alberta"},"content":{"rendered":"\n<h2 class=\"wp-block-heading\">Le 5 juin 2024,<br>H\u00f4tel Marriott Calgary Centre-ville<\/h2>\n\n\n\n<p>L\u2019\u00e9v\u00e9nement CanREA se branche \u2013 Alberta a eu lieu avec succ\u00e8s le 5 juin dernier \u00e0 Calgary en Alberta.&nbsp;<\/p>\n\n\n\n<p>La r\u00e9ception printani\u00e8re de r\u00e9seautage, organis\u00e9e par le membre de CanREA et commanditaire de l&#8217;\u00e9v\u00e9nement Prairie Sky, a rassembl\u00e9 plus de 160 des plus grands intellects, chefs d&#8217;entreprise et influenceurs de la province, ax\u00e9s sur le d\u00e9veloppement des secteurs de l&#8217;\u00e9nergie \u00e9olienne, de l&#8217;\u00e9nergie solaire et du stockage d&#8217;\u00e9nergie en Alberta.&nbsp;<\/p>\n\n\n\n<figure class=\"wp-block-image size-large\"><img fetchpriority=\"high\" decoding=\"async\" width=\"1024\" height=\"683\" src=\"https:\/\/renewablesassociation.ca\/wp-content\/smush-webp\/2024\/07\/20240605-CanREA-Alberta-Energy-Storage-Summit-1060-lores-1024x683.jpg.webp\" alt=\"\" class=\"wp-image-20313\" srcset=\"https:\/\/renewablesassociation.ca\/wp-content\/smush-webp\/2024\/07\/20240605-CanREA-Alberta-Energy-Storage-Summit-1060-lores-1024x683.jpg.webp 1024w, https:\/\/renewablesassociation.ca\/wp-content\/smush-webp\/2024\/07\/20240605-CanREA-Alberta-Energy-Storage-Summit-1060-lores-300x200.jpg.webp 300w, https:\/\/renewablesassociation.ca\/wp-content\/smush-webp\/2024\/07\/20240605-CanREA-Alberta-Energy-Storage-Summit-1060-lores-768x512.jpg.webp 768w, https:\/\/renewablesassociation.ca\/wp-content\/smush-webp\/2024\/07\/20240605-CanREA-Alberta-Energy-Storage-Summit-1060-lores-1536x1025.jpg.webp 1536w, https:\/\/renewablesassociation.ca\/wp-content\/smush-webp\/2024\/07\/20240605-CanREA-Alberta-Energy-Storage-Summit-1060-lores.jpg.webp 1998w\" sizes=\"(max-width: 1024px) 100vw, 1024px\" \/><figcaption class=\"wp-element-caption\"><em>PHOTO : Les participants ont eu l&#8217;occasion de r\u00e9seauter et d&#8217;interagir avec des personnalit\u00e9s cl\u00e9s dans le domaine de l\u2019\u00e9nergie renouvelable et du stockage d&#8217;\u00e9nergie en Alberta.<\/em><\/figcaption><\/figure>\n\n\n\n<figure class=\"wp-block-image size-large\"><img decoding=\"async\" width=\"1024\" height=\"683\" src=\"https:\/\/renewablesassociation.ca\/wp-content\/smush-webp\/2024\/07\/20240605-CanREA-Alberta-Energy-Storage-Summit-1031-lores-1024x683.jpg.webp\" alt=\"\" class=\"wp-image-20314\" srcset=\"https:\/\/renewablesassociation.ca\/wp-content\/smush-webp\/2024\/07\/20240605-CanREA-Alberta-Energy-Storage-Summit-1031-lores-1024x683.jpg.webp 1024w, https:\/\/renewablesassociation.ca\/wp-content\/smush-webp\/2024\/07\/20240605-CanREA-Alberta-Energy-Storage-Summit-1031-lores-300x200.jpg.webp 300w, https:\/\/renewablesassociation.ca\/wp-content\/smush-webp\/2024\/07\/20240605-CanREA-Alberta-Energy-Storage-Summit-1031-lores-768x512.jpg.webp 768w, https:\/\/renewablesassociation.ca\/wp-content\/smush-webp\/2024\/07\/20240605-CanREA-Alberta-Energy-Storage-Summit-1031-lores-1536x1025.jpg.webp 1536w, https:\/\/renewablesassociation.ca\/wp-content\/smush-webp\/2024\/07\/20240605-CanREA-Alberta-Energy-Storage-Summit-1031-lores.jpg.webp 2021w\" sizes=\"(max-width: 1024px) 100vw, 1024px\" loading=\"lazy\" \/><\/figure>\n\n\n\n<figure class=\"wp-block-image size-large\"><img decoding=\"async\" width=\"1024\" height=\"683\" src=\"https:\/\/renewablesassociation.ca\/wp-content\/smush-webp\/2024\/07\/20240605-CanREA-Alberta-Energy-Storage-Summit-1046-lores-1024x683.jpg.webp\" alt=\"\" class=\"wp-image-20315\" srcset=\"https:\/\/renewablesassociation.ca\/wp-content\/smush-webp\/2024\/07\/20240605-CanREA-Alberta-Energy-Storage-Summit-1046-lores-1024x683.jpg.webp 1024w, https:\/\/renewablesassociation.ca\/wp-content\/smush-webp\/2024\/07\/20240605-CanREA-Alberta-Energy-Storage-Summit-1046-lores-300x200.jpg.webp 300w, https:\/\/renewablesassociation.ca\/wp-content\/smush-webp\/2024\/07\/20240605-CanREA-Alberta-Energy-Storage-Summit-1046-lores-768x512.jpg.webp 768w, https:\/\/renewablesassociation.ca\/wp-content\/smush-webp\/2024\/07\/20240605-CanREA-Alberta-Energy-Storage-Summit-1046-lores-1536x1025.jpg.webp 1536w, https:\/\/renewablesassociation.ca\/wp-content\/smush-webp\/2024\/07\/20240605-CanREA-Alberta-Energy-Storage-Summit-1046-lores.jpg.webp 2048w\" sizes=\"(max-width: 1024px) 100vw, 1024px\" loading=\"lazy\" \/><\/figure>\n\n\n\n<figure class=\"wp-block-image size-large\"><img loading=\"lazy\" decoding=\"async\" width=\"1024\" height=\"683\" src=\"https:\/\/renewablesassociation.ca\/wp-content\/smush-webp\/2024\/07\/20240605-CanREA-Alberta-Energy-Storage-Summit-1031-lores-1-1024x683.jpg.webp\" alt=\"\" class=\"wp-image-20316\" srcset=\"https:\/\/renewablesassociation.ca\/wp-content\/smush-webp\/2024\/07\/20240605-CanREA-Alberta-Energy-Storage-Summit-1031-lores-1-1024x683.jpg.webp 1024w, https:\/\/renewablesassociation.ca\/wp-content\/smush-webp\/2024\/07\/20240605-CanREA-Alberta-Energy-Storage-Summit-1031-lores-1-300x200.jpg.webp 300w, https:\/\/renewablesassociation.ca\/wp-content\/smush-webp\/2024\/07\/20240605-CanREA-Alberta-Energy-Storage-Summit-1031-lores-1-768x512.jpg.webp 768w, https:\/\/renewablesassociation.ca\/wp-content\/smush-webp\/2024\/07\/20240605-CanREA-Alberta-Energy-Storage-Summit-1031-lores-1-1536x1025.jpg.webp 1536w, https:\/\/renewablesassociation.ca\/wp-content\/smush-webp\/2024\/07\/20240605-CanREA-Alberta-Energy-Storage-Summit-1031-lores-1.jpg.webp 2021w\" sizes=\"(max-width: 1024px) 100vw, 1024px\" \/><\/figure>\n\n\n\n<figure class=\"wp-block-image size-large\"><img loading=\"lazy\" decoding=\"async\" width=\"1024\" height=\"683\" src=\"https:\/\/renewablesassociation.ca\/wp-content\/smush-webp\/2024\/07\/20240605-CanREA-Alberta-Energy-Storage-Summit-1051-lores-1024x683.jpg.webp\" alt=\"\" class=\"wp-image-20317\" srcset=\"https:\/\/renewablesassociation.ca\/wp-content\/smush-webp\/2024\/07\/20240605-CanREA-Alberta-Energy-Storage-Summit-1051-lores-1024x683.jpg.webp 1024w, https:\/\/renewablesassociation.ca\/wp-content\/smush-webp\/2024\/07\/20240605-CanREA-Alberta-Energy-Storage-Summit-1051-lores-300x200.jpg.webp 300w, https:\/\/renewablesassociation.ca\/wp-content\/smush-webp\/2024\/07\/20240605-CanREA-Alberta-Energy-Storage-Summit-1051-lores-768x512.jpg.webp 768w, https:\/\/renewablesassociation.ca\/wp-content\/smush-webp\/2024\/07\/20240605-CanREA-Alberta-Energy-Storage-Summit-1051-lores-1536x1025.jpg.webp 1536w, https:\/\/renewablesassociation.ca\/wp-content\/smush-webp\/2024\/07\/20240605-CanREA-Alberta-Energy-Storage-Summit-1051-lores.jpg.webp 2048w\" sizes=\"(max-width: 1024px) 100vw, 1024px\" \/><figcaption class=\"wp-element-caption\"><em>PHOTO : Les participants ont engag\u00e9 des discussions anim\u00e9es lors de la r\u00e9ception de r\u00e9seautage CanREA se branche sur le toit du Marriott.<\/em><\/figcaption><\/figure>\n\n\n\n<p>Merci \u00e0 tous ceux qui ont apport\u00e9 leur passion, leur expertise et leur soutien pour faire de l&#8217;\u00e9dition printani\u00e8re 2024 de CanREA se branche \u2014Alberta un succ\u00e8s inoubliable !&nbsp;<\/p>\n\n\n\n<p><a href=\"https:\/\/renewablesassociation.ca\/fr\/?p=18854\" target=\"_blank\" rel=\"noreferrer noopener\">Voyez tous les \u00e9v\u00e9nements de CanREA pour 2024<\/a>.<\/p>\n\n\n\n<h3 class=\"wp-block-heading\">Merci \u00e0 nos commanditaires<\/h3>\n\n\n\n<p>Un merci sp\u00e9cial \u00e0 notre commanditaire de l&#8217;\u00e9v\u00e9nement, Prairie Sky, pour leur soutien et leur contribution.<\/p>\n\n\n\n<figure class=\"wp-block-image size-full is-resized\"><img loading=\"lazy\" decoding=\"async\" width=\"325\" height=\"192\" src=\"https:\/\/renewablesassociation.ca\/wp-content\/smush-webp\/2024\/04\/Spring_AB-Reception_FR.png.webp\" alt=\"\" class=\"wp-image-19519\" style=\"width:381px;height:auto\" srcset=\"https:\/\/renewablesassociation.ca\/wp-content\/smush-webp\/2024\/04\/Spring_AB-Reception_FR.png.webp 325w, https:\/\/renewablesassociation.ca\/wp-content\/smush-webp\/2024\/04\/Spring_AB-Reception_FR-300x177.png.webp 300w\" sizes=\"(max-width: 325px) 100vw, 325px\" \/><\/figure>\n\n\n\n<figure class=\"wp-block-image size-large\"><img loading=\"lazy\" decoding=\"async\" width=\"1024\" height=\"683\" src=\"https:\/\/renewablesassociation.ca\/wp-content\/smush-webp\/2024\/07\/20240605-CanREA-Alberta-Energy-Storage-Summit-1020-lores-1024x683.jpg.webp\" alt=\"\" class=\"wp-image-20312\" srcset=\"https:\/\/renewablesassociation.ca\/wp-content\/smush-webp\/2024\/07\/20240605-CanREA-Alberta-Energy-Storage-Summit-1020-lores-1024x683.jpg.webp 1024w, https:\/\/renewablesassociation.ca\/wp-content\/smush-webp\/2024\/07\/20240605-CanREA-Alberta-Energy-Storage-Summit-1020-lores-300x200.jpg.webp 300w, https:\/\/renewablesassociation.ca\/wp-content\/smush-webp\/2024\/07\/20240605-CanREA-Alberta-Energy-Storage-Summit-1020-lores-768x512.jpg.webp 768w, https:\/\/renewablesassociation.ca\/wp-content\/smush-webp\/2024\/07\/20240605-CanREA-Alberta-Energy-Storage-Summit-1020-lores-1536x1024.jpg.webp 1536w, https:\/\/renewablesassociation.ca\/wp-content\/smush-webp\/2024\/07\/20240605-CanREA-Alberta-Energy-Storage-Summit-1020-lores.jpg.webp 1987w\" sizes=\"(max-width: 1024px) 100vw, 1024px\" \/><figcaption class=\"wp-element-caption\"><em>PHOTO : De gauche \u00e0 droite : Jeff Sterzuk (pr\u00e9sident, Prairie Sky), Vittoria Bellissimo (pr\u00e9sidente et chef de la direction, CanREA), Wesley Johnston (Vice-pr\u00e9sident, D\u00e9veloppement des affaires, finances et op\u00e9rations, CanREA) et Whitney Issik (conseill\u00e8re strat\u00e9gique principale, Prairie Sky).<\/em><\/figcaption><\/figure>\n\n\n\n<div style=\"height:25px\" aria-hidden=\"true\" class=\"wp-block-spacer\"><\/div>\n\n\n\n<h3 class=\"wp-block-heading\">Forfaits de commandites<\/h3>\n\n\n\n<p>Des forfaits de commandites sont en vente pour les \u00e9v\u00e9nements de CanREA. Consultez la <a href=\"https:\/\/renewablesassociation.ca\/fr\/?page_id=9273\" target=\"_blank\" rel=\"noreferrer noopener\">page Web traitant des commandites<\/a> et communiquez avec <a href=\"mailto:ventes@associationrenouvelable.ca\" target=\"_blank\" rel=\"noreferrer noopener\">Julie Mair<\/a>, directrice, Adh\u00e9sion et d\u00e9veloppement des affaires de CanREA pour discuter des fa\u00e7ons int\u00e9ressantes de vous d\u00e9marquer en tant que commanditaire et de positionner votre entreprise comme chef de file de l\u2019industrie.<\/p>\n\n\n<div class=\"block--recommended\"><h2 class=\"block--recommended--header\">Recommand\u00e9 pour vous<\/h2><div class=\"block--recommended--inner\"><div class=\"block--recommended--item\">\n        <a href=\"https:\/\/renewablesassociation.ca\/fr\/perspectives-du-marche-de-lenergie-renouvelable-au-canada-2025\/\" class=\"block--recommended--link\"><span class=\"sr-only\">Perspectives du march\u00e9 de l\u2019\u00e9nergie renouvelable au Canada 2025<\/span><\/a><figure class=\"ratio--fixed ratio--4-3 mb-4\"><img loading=\"lazy\" decoding=\"async\" width=\"768\" height=\"402\" src=\"https:\/\/renewablesassociation.ca\/wp-content\/smush-webp\/2025\/09\/CanREMO25_banner_FR-1-768x402.jpg.webp\" class=\"attachment-medium_large size-medium_large wp-post-image\" alt=\"Image de banni\u00e8re promotionnelle : Perspectives du march\u00e9 de l\u2019\u00e9nergie renouvelable au Canada 2025\" srcset=\"https:\/\/renewablesassociation.ca\/wp-content\/smush-webp\/2025\/09\/CanREMO25_banner_FR-1-768x402.jpg.webp 768w, https:\/\/renewablesassociation.ca\/wp-content\/smush-webp\/2025\/09\/CanREMO25_banner_FR-1-300x157.jpg.webp 300w, https:\/\/renewablesassociation.ca\/wp-content\/smush-webp\/2025\/09\/CanREMO25_banner_FR-1-1024x536.jpg.webp 1024w, https:\/\/renewablesassociation.ca\/wp-content\/smush-webp\/2025\/09\/CanREMO25_banner_FR-1-1536x804.jpg.webp 1536w, https:\/\/renewablesassociation.ca\/wp-content\/smush-webp\/2025\/09\/CanREMO25_banner_FR-1.jpg.webp 1600w\" sizes=\"(max-width: 768px) 100vw, 768px\" \/><\/figure><p class=\"block--recommended--meta mb-1\">15 septembre 2025<\/p><h3 class=\"mb-1\">Perspectives du march\u00e9 de l\u2019\u00e9nergie renouvelable au Canada 2025<\/h3><p>Le Canada se classe actuellement au 9e rang mondial en puissance &eacute;olienne install&eacute;e, au 20e pour la puissance install&eacute;e de stockage d&rsquo;&eacute;nergie par batterie &agrave; l&rsquo;&eacute;chelle commerciale et au 24e pour la puissance solaire install&eacute;e &agrave; l&rsquo;&eacute;chelle commerciale. La demande d&rsquo;&eacute;lectricit&eacute; en plein essor, la rentabilit&eacute; accrue des technologies et le d&eacute;ploiement de cadres strat&eacute;giques [&hellip;]<\/p>\n<\/div><div class=\"block--recommended--item\">\n        <a href=\"https:\/\/renewablesassociation.ca\/fr\/communique-voila-que-se-termine-le-stockage-denergie-en-alberta-2025\/\" class=\"block--recommended--link\"><span class=\"sr-only\">COMMUNIQU\u00c9\u00a0: Voil\u00e0 que se termine Le stockage d\u2019\u00e9nergie en Alberta\u00a02025<\/span><\/a><figure class=\"ratio--fixed ratio--4-3 mb-4\"><img loading=\"lazy\" decoding=\"async\" width=\"768\" height=\"384\" src=\"https:\/\/renewablesassociation.ca\/wp-content\/smush-webp\/2025\/06\/EnergyStorageAlberta-CanREASummit-2025-CR008-1-768x384.jpg.webp\" class=\"attachment-medium_large size-medium_large wp-post-image\" alt=\"\" srcset=\"https:\/\/renewablesassociation.ca\/wp-content\/smush-webp\/2025\/06\/EnergyStorageAlberta-CanREASummit-2025-CR008-1-768x384.jpg.webp 768w, https:\/\/renewablesassociation.ca\/wp-content\/smush-webp\/2025\/06\/EnergyStorageAlberta-CanREASummit-2025-CR008-1-300x150.jpg.webp 300w, https:\/\/renewablesassociation.ca\/wp-content\/smush-webp\/2025\/06\/EnergyStorageAlberta-CanREASummit-2025-CR008-1-1024x512.jpg.webp 1024w, https:\/\/renewablesassociation.ca\/wp-content\/smush-webp\/2025\/06\/EnergyStorageAlberta-CanREASummit-2025-CR008-1.jpg.webp 1152w\" sizes=\"(max-width: 768px) 100vw, 768px\" \/><\/figure><p class=\"block--recommended--meta mb-1\">Communiqu\u00e9 | 4 juin 2025<\/p><h3 class=\"mb-1\">COMMUNIQU\u00c9\u00a0: Voil\u00e0 que se termine Le stockage d\u2019\u00e9nergie en Alberta\u00a02025<\/h3><p>COMMUNIQU\u00c9 : Voil\u00e0 que se termine Le stockage d\u2019\u00e9nergie en Alberta \u2013 Sommet de CanREA 2025. Plus de 200 participants ont assist\u00e9 \u00e0 ce congr\u00e8s d\u2019une journ\u00e9e qui portait sur l\u2019analyse des multiples facettes du r\u00f4le essentiel des technologies innovantes de stockage d\u2019\u00e9nergie pour l\u2019avenir \u00e9nerg\u00e9tique de l\u2019Alberta.<\/p>\n<\/div><\/div><\/div>","protected":false},"excerpt":{"rendered":"<p>Plus de 200&nbsp;personnes ont particip&eacute; au Sommet de CanREA sur le stockage d&rsquo;&eacute;nergie et l&#8217;&eacute;v&eacute;nement CanREA se branche en Alberta &agrave; Calgary aujourd&rsquo;hui, un congr&egrave;s d&rsquo;une journ&eacute;e qui portait sur l&rsquo;analyse des multiples facettes du r&ocirc;le essentiel des technologies innovantes de stockage d&rsquo;&eacute;nergie pour l&rsquo;avenir &eacute;nerg&eacute;tique de l&rsquo;Alberta. [&hellip;]<\/p>\n","protected":false},"featured_media":19520,"template":"","tags":[143],"event_taxonomy":[49],"class_list":["post-19518","event","type-event","status-publish","has-post-thumbnail","hentry","tag-alberta-2","event_taxonomy-evenements"],"acf":[],"uagb_featured_image_src":{"full":["https:\/\/renewablesassociation.ca\/wp-content\/uploads\/2024\/04\/Calgary-FR.png",1024,830,false],"thumbnail":["https:\/\/renewablesassociation.ca\/wp-content\/uploads\/2024\/04\/Calgary-FR-150x150.png",150,150,true],"medium":["https:\/\/renewablesassociation.ca\/wp-content\/uploads\/2024\/04\/Calgary-FR-300x243.png",300,243,true],"medium_large":["https:\/\/renewablesassociation.ca\/wp-content\/uploads\/2024\/04\/Calgary-FR-768x623.png",768,623,true],"large":["https:\/\/renewablesassociation.ca\/wp-content\/uploads\/2024\/04\/Calgary-FR.png",1024,830,false],"1536x1536":["https:\/\/renewablesassociation.ca\/wp-content\/uploads\/2024\/04\/Calgary-FR.png",1024,830,false],"2048x2048":["https:\/\/renewablesassociation.ca\/wp-content\/uploads\/2024\/04\/Calgary-FR.png",1024,830,false],"alm-thumbnail":["https:\/\/renewablesassociation.ca\/wp-content\/uploads\/2024\/04\/Calgary-FR-150x150.png",150,150,true],"alm-cta":["https:\/\/renewablesassociation.ca\/wp-content\/uploads\/2024\/04\/Calgary-FR-800x450.png",800,450,true],"alm-gallery":["https:\/\/renewablesassociation.ca\/wp-content\/uploads\/2024\/04\/Calgary-FR-800x600.png",800,600,true],"news-img-2x":["https:\/\/renewablesassociation.ca\/wp-content\/uploads\/2024\/04\/Calgary-FR.png",1024,830,false],"news-img":["https:\/\/renewablesassociation.ca\/wp-content\/uploads\/2024\/04\/Calgary-FR-690x515.png",690,515,true],"gform-image-choice-sm":["https:\/\/renewablesassociation.ca\/wp-content\/uploads\/2024\/04\/Calgary-FR.png",300,243,false],"gform-image-choice-md":["https:\/\/renewablesassociation.ca\/wp-content\/uploads\/2024\/04\/Calgary-FR.png",400,324,false],"gform-image-choice-lg":["https:\/\/renewablesassociation.ca\/wp-content\/uploads\/2024\/04\/Calgary-FR.png",600,486,false]},"uagb_author_info":{"display_name":"Judy Mitri","author_link":"https:\/\/renewablesassociation.ca\/fr\/author\/"},"uagb_comment_info":0,"uagb_excerpt":"Plus de 200&nbsp;personnes ont particip&eacute; au Sommet de CanREA sur le stockage d&rsquo;&eacute;nergie et l'&eacute;v&eacute;nement CanREA se branche en Alberta &agrave; Calgary aujourd&rsquo;hui, un congr&egrave;s d&rsquo;une journ&eacute;e qui portait sur l&rsquo;analyse des multiples facettes du r&ocirc;le essentiel des technologies innovantes de stockage d&rsquo;&eacute;nergie pour l&rsquo;avenir &eacute;nerg&eacute;tique de l&rsquo;Alberta. [&hellip;]","_links":{"self":[{"href":"https:\/\/renewablesassociation.ca\/fr\/wp-json\/wp\/v2\/event\/19518","targetHints":{"allow":["GET"]}}],"collection":[{"href":"https:\/\/renewablesassociation.ca\/fr\/wp-json\/wp\/v2\/event"}],"about":[{"href":"https:\/\/renewablesassociation.ca\/fr\/wp-json\/wp\/v2\/types\/event"}],"wp:featuredmedia":[{"embeddable":true,"href":"https:\/\/renewablesassociation.ca\/fr\/wp-json\/wp\/v2\/media\/19520"}],"wp:attachment":[{"href":"https:\/\/renewablesassociation.ca\/fr\/wp-json\/wp\/v2\/media?parent=19518"}],"wp:term":[{"taxonomy":"post_tag","embeddable":true,"href":"https:\/\/renewablesassociation.ca\/fr\/wp-json\/wp\/v2\/tags?post=19518"},{"taxonomy":"event_taxonomy","embeddable":true,"href":"https:\/\/renewablesassociation.ca\/fr\/wp-json\/wp\/v2\/event_taxonomy?post=19518"}],"curies":[{"name":"wp","href":"https:\/\/api.w.org\/{rel}","templated":true}]}}