{"id":19306,"date":"2024-03-14T12:37:52","date_gmt":"2024-03-14T16:37:52","guid":{"rendered":"https:\/\/renewablesassociation.ca\/?post_type=event&#038;p=19306"},"modified":"2024-05-31T16:47:09","modified_gmt":"2024-05-31T20:47:09","slug":"canrea-se-branche-canada-atlantique","status":"publish","type":"event","link":"https:\/\/renewablesassociation.ca\/fr\/event\/canrea-se-branche-canada-atlantique\/","title":{"rendered":"CanREA se branche \u2013 Canada atlantique"},"content":{"rendered":"\n<h2 class=\"wp-block-heading\">30&nbsp;mai&nbsp;2024<br>Stewart McKelvey<br>Halifax, Nouvelle-\u00c9cosse<\/h2>\n\n\n\n<p>CanREA se branche \u2014 Canada atlantique s&#8217;est tenu avec beaucoup de succ\u00e8s le 30 mai 2024 \u00e0 Halifax, en Nouvelle-\u00c9cosse.&nbsp;&nbsp;&nbsp;<\/p>\n\n\n\n<p>L&#8217;\u00e9v\u00e9nement, organis\u00e9 par Stewart McKelvey, membre de CanREA et commanditaire principal de l\u2019\u00e9v\u00e9nement, a rassembl\u00e9 80 des principaux innovateurs, dirigeants d&#8217;entreprise et influenceurs de la r\u00e9gion int\u00e9ress\u00e9s par l&#8217;avancement des secteurs de l&#8217;\u00e9nergie \u00e9olienne, de l&#8217;\u00e9nergie solaire et du stockage d\u2019\u00e9nergie.&nbsp;&nbsp;<\/p>\n\n\n\n<figure class=\"wp-block-image size-large\"><img fetchpriority=\"high\" decoding=\"async\" width=\"1024\" height=\"683\" src=\"https:\/\/renewablesassociation.ca\/wp-content\/smush-webp\/2024\/05\/240530_0405-lores-1-1024x683.jpg.webp\" alt=\"\" class=\"wp-image-20035\" srcset=\"https:\/\/renewablesassociation.ca\/wp-content\/smush-webp\/2024\/05\/240530_0405-lores-1-1024x683.jpg.webp 1024w, https:\/\/renewablesassociation.ca\/wp-content\/smush-webp\/2024\/05\/240530_0405-lores-1-300x200.jpg.webp 300w, https:\/\/renewablesassociation.ca\/wp-content\/smush-webp\/2024\/05\/240530_0405-lores-1-768x512.jpg.webp 768w, https:\/\/renewablesassociation.ca\/wp-content\/smush-webp\/2024\/05\/240530_0405-lores-1-1536x1024.jpg.webp 1536w, https:\/\/renewablesassociation.ca\/wp-content\/smush-webp\/2024\/05\/240530_0405-lores-1-2048x1365.jpg.webp 2048w\" sizes=\"(max-width: 1024px) 100vw, 1024px\" \/><figcaption class=\"wp-element-caption\"><em>PHOTO: Les participants ont eu l&#8217;occasion de r\u00e9seauter et de discuter avec des personnes cl\u00e9s dans le domaine de l\u2019\u00e9nergie renouvelable et du stockage d&#8217;\u00e9nergie.<\/em><\/figcaption><\/figure>\n\n\n\n<figure class=\"wp-block-image size-large\"><img decoding=\"async\" width=\"1024\" height=\"683\" src=\"https:\/\/renewablesassociation.ca\/wp-content\/smush-webp\/2024\/05\/240530_0881-lores-1-1024x683.jpg.webp\" alt=\"\" class=\"wp-image-20036\" srcset=\"https:\/\/renewablesassociation.ca\/wp-content\/smush-webp\/2024\/05\/240530_0881-lores-1-1024x683.jpg.webp 1024w, https:\/\/renewablesassociation.ca\/wp-content\/smush-webp\/2024\/05\/240530_0881-lores-1-300x200.jpg.webp 300w, https:\/\/renewablesassociation.ca\/wp-content\/smush-webp\/2024\/05\/240530_0881-lores-1-768x512.jpg.webp 768w, https:\/\/renewablesassociation.ca\/wp-content\/smush-webp\/2024\/05\/240530_0881-lores-1-1536x1024.jpg.webp 1536w, https:\/\/renewablesassociation.ca\/wp-content\/smush-webp\/2024\/05\/240530_0881-lores-1-2048x1365.jpg.webp 2048w\" sizes=\"(max-width: 1024px) 100vw, 1024px\" loading=\"lazy\" \/><figcaption class=\"wp-element-caption\"><em>PHOTO:<\/em> <em>Nancy Rubin, repr\u00e9sentant notre commanditaire principal Stewart McKelvey, a fait une pr\u00e9sentation convaincante lors de l&#8217;\u00e9v\u00e9nement de r\u00e9seautage de CanREA hier soir.<\/em><\/figcaption><\/figure>\n\n\n\n<figure class=\"wp-block-image size-large\"><img decoding=\"async\" width=\"1024\" height=\"681\" src=\"https:\/\/renewablesassociation.ca\/wp-content\/smush-webp\/2024\/05\/240530_0986-lores-1-1024x681.jpg.webp\" alt=\"\" class=\"wp-image-20037\" srcset=\"https:\/\/renewablesassociation.ca\/wp-content\/smush-webp\/2024\/05\/240530_0986-lores-1-1024x681.jpg.webp 1024w, https:\/\/renewablesassociation.ca\/wp-content\/smush-webp\/2024\/05\/240530_0986-lores-1-300x200.jpg.webp 300w, https:\/\/renewablesassociation.ca\/wp-content\/smush-webp\/2024\/05\/240530_0986-lores-1-768x511.jpg.webp 768w, https:\/\/renewablesassociation.ca\/wp-content\/smush-webp\/2024\/05\/240530_0986-lores-1.jpg.webp 1512w\" sizes=\"(max-width: 1024px) 100vw, 1024px\" loading=\"lazy\" \/><figcaption class=\"wp-element-caption\"><em>PHOTO:<\/em> <em>Invit\u00e9 sp\u00e9cial Dave MacGregor, sous-ministre associ\u00e9 du Bureau des priorit\u00e9s et de la planification de la province de la Nouvelle-\u00c9cosse, a partag\u00e9 ses id\u00e9es et ses perspectives sur la transition \u00e9nerg\u00e9tique au Canada atlantique.<\/em><\/figcaption><\/figure>\n\n\n\n<figure class=\"wp-block-image size-large\"><img loading=\"lazy\" decoding=\"async\" width=\"1024\" height=\"683\" src=\"https:\/\/renewablesassociation.ca\/wp-content\/smush-webp\/2024\/05\/240530_0871-lores-1-1024x683.jpg.webp\" alt=\"\" class=\"wp-image-20038\" srcset=\"https:\/\/renewablesassociation.ca\/wp-content\/smush-webp\/2024\/05\/240530_0871-lores-1-1024x683.jpg.webp 1024w, https:\/\/renewablesassociation.ca\/wp-content\/smush-webp\/2024\/05\/240530_0871-lores-1-300x200.jpg.webp 300w, https:\/\/renewablesassociation.ca\/wp-content\/smush-webp\/2024\/05\/240530_0871-lores-1-768x512.jpg.webp 768w, https:\/\/renewablesassociation.ca\/wp-content\/smush-webp\/2024\/05\/240530_0871-lores-1-1536x1024.jpg.webp 1536w, https:\/\/renewablesassociation.ca\/wp-content\/smush-webp\/2024\/05\/240530_0871-lores-1.jpg.webp 1869w\" sizes=\"(max-width: 1024px) 100vw, 1024px\" \/><figcaption class=\"wp-element-caption\"><em>PHOTO: Le directeur de CanREA pour le Qu\u00e9bec et le Canada atlantique, Jean Habel, a \u00e9galement pris le micro pour dire quelques mots inspirants et revigorants sur le travail de CanREA dans la r\u00e9gion.<\/em><\/figcaption><\/figure>\n\n\n\n<figure class=\"wp-block-image size-large\"><img loading=\"lazy\" decoding=\"async\" width=\"1024\" height=\"683\" src=\"https:\/\/renewablesassociation.ca\/wp-content\/smush-webp\/2024\/05\/240530_0397-lores-1-1024x683.jpg.webp\" alt=\"\" class=\"wp-image-20039\" srcset=\"https:\/\/renewablesassociation.ca\/wp-content\/smush-webp\/2024\/05\/240530_0397-lores-1-1024x683.jpg.webp 1024w, https:\/\/renewablesassociation.ca\/wp-content\/smush-webp\/2024\/05\/240530_0397-lores-1-300x200.jpg.webp 300w, https:\/\/renewablesassociation.ca\/wp-content\/smush-webp\/2024\/05\/240530_0397-lores-1-768x512.jpg.webp 768w, https:\/\/renewablesassociation.ca\/wp-content\/smush-webp\/2024\/05\/240530_0397-lores-1-1536x1024.jpg.webp 1536w, https:\/\/renewablesassociation.ca\/wp-content\/smush-webp\/2024\/05\/240530_0397-lores-1-2048x1365.jpg.webp 2048w\" sizes=\"(max-width: 1024px) 100vw, 1024px\" \/><figcaption class=\"wp-element-caption\"><em>PHOTO:<\/em> <em>Nos invit\u00e9s se sont r\u00e9unis, ont \u00e9chang\u00e9 des id\u00e9es et ont profit\u00e9 d&#8217;une atmosph\u00e8re pleine d&#8217;\u00e9nergie et de possibilit\u00e9s.&nbsp;<\/em><\/figcaption><\/figure>\n\n\n\n<figure class=\"wp-block-image size-large\"><img loading=\"lazy\" decoding=\"async\" width=\"1024\" height=\"683\" src=\"https:\/\/renewablesassociation.ca\/wp-content\/smush-webp\/2024\/05\/240530_0712-lores-1-1024x683.jpg.webp\" alt=\"\" class=\"wp-image-20040\" srcset=\"https:\/\/renewablesassociation.ca\/wp-content\/smush-webp\/2024\/05\/240530_0712-lores-1-1024x683.jpg.webp 1024w, https:\/\/renewablesassociation.ca\/wp-content\/smush-webp\/2024\/05\/240530_0712-lores-1-300x200.jpg.webp 300w, https:\/\/renewablesassociation.ca\/wp-content\/smush-webp\/2024\/05\/240530_0712-lores-1-768x512.jpg.webp 768w, https:\/\/renewablesassociation.ca\/wp-content\/smush-webp\/2024\/05\/240530_0712-lores-1-1536x1024.jpg.webp 1536w, https:\/\/renewablesassociation.ca\/wp-content\/smush-webp\/2024\/05\/240530_0712-lores-1-2048x1365.jpg.webp 2048w\" sizes=\"(max-width: 1024px) 100vw, 1024px\" \/><figcaption class=\"wp-element-caption\"><em>PHOTO:<\/em> Les participants sont repartis inspir\u00e9s et pr\u00eats \u00e0 dynamiser l&#8217;industrie de l&#8217;\u00e9nergie renouvelable et du stockage d\u2019\u00e9nergie dans tout le Canada atlantique.&nbsp;<\/figcaption><\/figure>\n\n\n\n<figure class=\"wp-block-image size-large\"><img loading=\"lazy\" decoding=\"async\" width=\"1024\" height=\"683\" src=\"https:\/\/renewablesassociation.ca\/wp-content\/smush-webp\/2024\/05\/240530_1254-lores-1-1024x683.jpg.webp\" alt=\"\" class=\"wp-image-20041\" srcset=\"https:\/\/renewablesassociation.ca\/wp-content\/smush-webp\/2024\/05\/240530_1254-lores-1-1024x683.jpg.webp 1024w, https:\/\/renewablesassociation.ca\/wp-content\/smush-webp\/2024\/05\/240530_1254-lores-1-300x200.jpg.webp 300w, https:\/\/renewablesassociation.ca\/wp-content\/smush-webp\/2024\/05\/240530_1254-lores-1-768x512.jpg.webp 768w, https:\/\/renewablesassociation.ca\/wp-content\/smush-webp\/2024\/05\/240530_1254-lores-1-1536x1024.jpg.webp 1536w, https:\/\/renewablesassociation.ca\/wp-content\/smush-webp\/2024\/05\/240530_1254-lores-1-2048x1365.jpg.webp 2048w\" sizes=\"(max-width: 1024px) 100vw, 1024px\" \/><figcaption class=\"wp-element-caption\"><em>PHOTO:<\/em> <em>De gauche \u00e0 droite : Mathieu C\u00f4t\u00e9 (directeur, Programme des op\u00e9rateurs), Julie Mair (directrice de l\u2019adh\u00e9sion et du d\u00e9veloppement des affaires), Jean Habel (directeur, Qu\u00e9bec et Canada atlantique) et Leonard Kula (vice-pr\u00e9sident des affaires politiques \u2013 Est canadien et Affaires utilitaires), repr\u00e9sentant CanREA.<\/em><\/figcaption><\/figure>\n\n\n\n<p>Merci \u00e0 tous ceux et celles qui ont mis \u00e0 contribution leur passion, leur expertise et leur soutien pour faire CanREA se branche \u2014 Canada atlantique un succ\u00e8s inoubliable.<\/p>\n\n\n\n<p><a href=\"https:\/\/renewablesassociation.ca\/fr\/?p=18854\" target=\"_blank\" rel=\"noreferrer noopener\">Consultez le calendrier des \u00e9v\u00e9nements<\/a> offerts par CanREA cette ann\u00e9e.<\/p>\n\n\n\n<h3 class=\"wp-block-heading\">Merci \u00e0 nos commanditaires<\/h3>\n\n\n\n<figure class=\"wp-block-image size-full\"><img loading=\"lazy\" decoding=\"async\" width=\"421\" height=\"214\" src=\"https:\/\/renewablesassociation.ca\/wp-content\/smush-webp\/2024\/03\/Spring_NS-Networking_FR.png.webp\" alt=\"\" class=\"wp-image-19307\" srcset=\"https:\/\/renewablesassociation.ca\/wp-content\/smush-webp\/2024\/03\/Spring_NS-Networking_FR.png.webp 421w, https:\/\/renewablesassociation.ca\/wp-content\/smush-webp\/2024\/03\/Spring_NS-Networking_FR-300x152.png.webp 300w\" sizes=\"(max-width: 421px) 100vw, 421px\" \/><\/figure>\n\n\n\n<h3 class=\"wp-block-heading\">Forfaits de commandites<\/h3>\n\n\n\n<p>Des forfaits de commandites sont en vente pour les \u00e9v\u00e9nements de r\u00e9seautage de CanREA \u00e0 venir. <a href=\"https:\/\/renewablesassociation.ca\/fr\/?page_id=9273\" target=\"_blank\" rel=\"noreferrer noopener\">Consultez la page Web traitant des commandites<\/a> et communiquez avec <a href=\"mailto:ventes@associationrenouvelable.ca\"><strong>Julie Mair<\/strong><\/a>, directrice, Adh\u00e9sion et d\u00e9veloppement des affaires de CanREA pour discuter des fa\u00e7ons int\u00e9ressantes de vous d\u00e9marquer en tant que commanditaire et de positionner votre entreprise comme chef de file de l\u2019industrie.<\/p>\n","protected":false},"excerpt":{"rendered":"<p>CanREA se branche &mdash; Canada atlantique s&#8217;est tenu avec beaucoup de succ&egrave;s le 30 mai 2024 &agrave; Halifax, en Nouvelle-&Eacute;cosse. [&hellip;]<\/p>\n","protected":false},"featured_media":19308,"template":"","tags":[],"event_taxonomy":[49],"class_list":["post-19306","event","type-event","status-publish","has-post-thumbnail","hentry","event_taxonomy-evenements"],"acf":[],"uagb_featured_image_src":{"full":["https:\/\/renewablesassociation.ca\/wp-content\/uploads\/2024\/03\/Halifax-FR.png",1024,830,false],"thumbnail":["https:\/\/renewablesassociation.ca\/wp-content\/uploads\/2024\/03\/Halifax-FR-150x150.png",150,150,true],"medium":["https:\/\/renewablesassociation.ca\/wp-content\/uploads\/2024\/03\/Halifax-FR-300x243.png",300,243,true],"medium_large":["https:\/\/renewablesassociation.ca\/wp-content\/uploads\/2024\/03\/Halifax-FR-768x623.png",768,623,true],"large":["https:\/\/renewablesassociation.ca\/wp-content\/uploads\/2024\/03\/Halifax-FR.png",1024,830,false],"1536x1536":["https:\/\/renewablesassociation.ca\/wp-content\/uploads\/2024\/03\/Halifax-FR.png",1024,830,false],"2048x2048":["https:\/\/renewablesassociation.ca\/wp-content\/uploads\/2024\/03\/Halifax-FR.png",1024,830,false],"alm-thumbnail":["https:\/\/renewablesassociation.ca\/wp-content\/uploads\/2024\/03\/Halifax-FR-150x150.png",150,150,true],"alm-cta":["https:\/\/renewablesassociation.ca\/wp-content\/uploads\/2024\/03\/Halifax-FR-800x450.png",800,450,true],"alm-gallery":["https:\/\/renewablesassociation.ca\/wp-content\/uploads\/2024\/03\/Halifax-FR-800x600.png",800,600,true],"news-img-2x":["https:\/\/renewablesassociation.ca\/wp-content\/uploads\/2024\/03\/Halifax-FR.png",1024,830,false],"news-img":["https:\/\/renewablesassociation.ca\/wp-content\/uploads\/2024\/03\/Halifax-FR-690x515.png",690,515,true],"gform-image-choice-sm":["https:\/\/renewablesassociation.ca\/wp-content\/uploads\/2024\/03\/Halifax-FR.png",300,243,false],"gform-image-choice-md":["https:\/\/renewablesassociation.ca\/wp-content\/uploads\/2024\/03\/Halifax-FR.png",400,324,false],"gform-image-choice-lg":["https:\/\/renewablesassociation.ca\/wp-content\/uploads\/2024\/03\/Halifax-FR.png",600,486,false]},"uagb_author_info":{"display_name":"Melissa McDougall","author_link":"https:\/\/renewablesassociation.ca\/fr\/author\/"},"uagb_comment_info":0,"uagb_excerpt":"CanREA se branche &mdash; Canada atlantique s'est tenu avec beaucoup de succ&egrave;s le 30 mai 2024 &agrave; Halifax, en Nouvelle-&Eacute;cosse. [&hellip;]","_links":{"self":[{"href":"https:\/\/renewablesassociation.ca\/fr\/wp-json\/wp\/v2\/event\/19306","targetHints":{"allow":["GET"]}}],"collection":[{"href":"https:\/\/renewablesassociation.ca\/fr\/wp-json\/wp\/v2\/event"}],"about":[{"href":"https:\/\/renewablesassociation.ca\/fr\/wp-json\/wp\/v2\/types\/event"}],"wp:featuredmedia":[{"embeddable":true,"href":"https:\/\/renewablesassociation.ca\/fr\/wp-json\/wp\/v2\/media\/19308"}],"wp:attachment":[{"href":"https:\/\/renewablesassociation.ca\/fr\/wp-json\/wp\/v2\/media?parent=19306"}],"wp:term":[{"taxonomy":"post_tag","embeddable":true,"href":"https:\/\/renewablesassociation.ca\/fr\/wp-json\/wp\/v2\/tags?post=19306"},{"taxonomy":"event_taxonomy","embeddable":true,"href":"https:\/\/renewablesassociation.ca\/fr\/wp-json\/wp\/v2\/event_taxonomy?post=19306"}],"curies":[{"name":"wp","href":"https:\/\/api.w.org\/{rel}","templated":true}]}}