{"id":19304,"date":"2024-03-14T13:07:21","date_gmt":"2024-03-14T17:07:21","guid":{"rendered":"https:\/\/renewablesassociation.ca\/?post_type=event&#038;p=19304"},"modified":"2024-04-25T15:59:14","modified_gmt":"2024-04-25T19:59:14","slug":"canrea-se-branche-saskatchewan","status":"publish","type":"event","link":"https:\/\/renewablesassociation.ca\/fr\/event\/canrea-se-branche-saskatchewan\/","title":{"rendered":"CanREA se branche \u2013 Saskatchewan"},"content":{"rendered":"\n<h2 class=\"wp-block-heading\">Mardi&nbsp;23&nbsp;avril, de 17&nbsp;h \u00e0 19&nbsp;h<br>\u00c9difice l\u00e9gislatif de la Saskatchewan<br>Regina, Saskatchewan<\/h2>\n\n\n\n<p>L\u2019Association canadienne de l\u2019\u00e9nergie renouvelable \u00e9tait heureuse d&#8217;organiser une r\u00e9ception de r\u00e9seautage printani\u00e8re sp\u00e9ciale \u00e0 l\u2019\u00e9difice l\u00e9gislatif de Regina en avril 2024. Un total de 65 innovateurs du secteur de l&#8217;\u00e9nergie, des chefs d&#8217;entreprise et des influenceurs int\u00e9ress\u00e9s par le d\u00e9veloppement des secteurs de l&#8217;\u00e9nergie \u00e9olienne, solaire et du stockage d&#8217;\u00e9nergie ont assist\u00e9 \u00e0 l&#8217;\u00e9v\u00e9nement.<\/p>\n\n\n\n<figure class=\"wp-block-image size-large\"><img fetchpriority=\"high\" decoding=\"async\" width=\"1024\" height=\"683\" src=\"https:\/\/renewablesassociation.ca\/wp-content\/smush-webp\/2024\/04\/Erwin-in-crowd-1-1024x683.jpg.webp\" alt=\"\" class=\"wp-image-19721\" srcset=\"https:\/\/renewablesassociation.ca\/wp-content\/smush-webp\/2024\/04\/Erwin-in-crowd-1-1024x683.jpg.webp 1024w, https:\/\/renewablesassociation.ca\/wp-content\/smush-webp\/2024\/04\/Erwin-in-crowd-1-300x200.jpg.webp 300w, https:\/\/renewablesassociation.ca\/wp-content\/smush-webp\/2024\/04\/Erwin-in-crowd-1-768x512.jpg.webp 768w, https:\/\/renewablesassociation.ca\/wp-content\/smush-webp\/2024\/04\/Erwin-in-crowd-1.jpg.webp 1368w\" sizes=\"(max-width: 1024px) 100vw, 1024px\" \/><figcaption class=\"wp-element-caption\"><em>PHOTO : Erwin Heuck, Directeur du Saskatchewan chez CanREA, discutant de l&#8217;\u00e9nergie renouvelable avec des invit\u00e9s lors de CanREA se branche &#8211; Saskatchewan, au printemps 2024.<\/em><\/figcaption><\/figure>\n\n\n\n<figure class=\"wp-block-image size-large\"><img decoding=\"async\" width=\"1024\" height=\"683\" src=\"https:\/\/renewablesassociation.ca\/wp-content\/smush-webp\/2024\/04\/Evan-in-crowd-2-1-1024x683.jpg.webp\" alt=\"\" class=\"wp-image-19722\" srcset=\"https:\/\/renewablesassociation.ca\/wp-content\/smush-webp\/2024\/04\/Evan-in-crowd-2-1-1024x683.jpg.webp 1024w, https:\/\/renewablesassociation.ca\/wp-content\/smush-webp\/2024\/04\/Evan-in-crowd-2-1-300x200.jpg.webp 300w, https:\/\/renewablesassociation.ca\/wp-content\/smush-webp\/2024\/04\/Evan-in-crowd-2-1-768x512.jpg.webp 768w, https:\/\/renewablesassociation.ca\/wp-content\/smush-webp\/2024\/04\/Evan-in-crowd-2-1.jpg.webp 1368w\" sizes=\"(max-width: 1024px) 100vw, 1024px\" loading=\"lazy\" \/><figcaption class=\"wp-element-caption\"><em>PHOTO : Les participants ont v\u00e9cu une soir\u00e9e remarquable, remplie de discussions anim\u00e9es autour des nouvelles opportunit\u00e9s de croissance passionnantes pour l&#8217;\u00e9nergie renouvelable dans l&#8217;ouest du Canada.<\/em><\/figcaption><\/figure>\n\n\n\n<figure class=\"wp-block-image size-large\"><img decoding=\"async\" width=\"1024\" height=\"683\" src=\"https:\/\/renewablesassociation.ca\/wp-content\/smush-webp\/2024\/04\/6O6A6604-1-1024x683.jpg.webp\" alt=\"\" class=\"wp-image-19723\" srcset=\"https:\/\/renewablesassociation.ca\/wp-content\/smush-webp\/2024\/04\/6O6A6604-1-1024x683.jpg.webp 1024w, https:\/\/renewablesassociation.ca\/wp-content\/smush-webp\/2024\/04\/6O6A6604-1-300x200.jpg.webp 300w, https:\/\/renewablesassociation.ca\/wp-content\/smush-webp\/2024\/04\/6O6A6604-1-768x512.jpg.webp 768w, https:\/\/renewablesassociation.ca\/wp-content\/smush-webp\/2024\/04\/6O6A6604-1.jpg.webp 1368w\" sizes=\"(max-width: 1024px) 100vw, 1024px\" loading=\"lazy\" \/><figcaption class=\"wp-element-caption\"><em>PHOTO : Parmi les invit\u00e9s sp\u00e9ciaux figuraient des membres de l\u2019Assembl\u00e9e l\u00e9gislative de plusieurs partis ainsi que l&#8217;honorable Dustin Duncan, ministre de la Crown Investments Corporation, responsable de SaskPower, qui a prononc\u00e9 une allocution.<\/em><\/figcaption><\/figure>\n\n\n\n<figure class=\"wp-block-image size-large\"><img loading=\"lazy\" decoding=\"async\" width=\"1024\" height=\"683\" src=\"https:\/\/renewablesassociation.ca\/wp-content\/smush-webp\/2024\/04\/Erwin-and-MLA-1-1024x683.jpg.webp\" alt=\"\" class=\"wp-image-19724\" srcset=\"https:\/\/renewablesassociation.ca\/wp-content\/smush-webp\/2024\/04\/Erwin-and-MLA-1-1024x683.jpg.webp 1024w, https:\/\/renewablesassociation.ca\/wp-content\/smush-webp\/2024\/04\/Erwin-and-MLA-1-300x200.jpg.webp 300w, https:\/\/renewablesassociation.ca\/wp-content\/smush-webp\/2024\/04\/Erwin-and-MLA-1-768x512.jpg.webp 768w, https:\/\/renewablesassociation.ca\/wp-content\/smush-webp\/2024\/04\/Erwin-and-MLA-1.jpg.webp 1368w\" sizes=\"(max-width: 1024px) 100vw, 1024px\" \/><figcaption class=\"wp-element-caption\"><em>PHOTO : Erwin Heuck, Directeur du Saskatchewan chez CanREA (\u00e0 droite), et le d\u00e9put\u00e9 Blaine McLeod (\u00e0 gauche), lors de CanREA se branche &#8211; Saskatchewan (printemps 2024).<\/em><\/figcaption><\/figure>\n\n\n\n<figure class=\"wp-block-image size-large\"><img loading=\"lazy\" decoding=\"async\" width=\"1024\" height=\"683\" src=\"https:\/\/renewablesassociation.ca\/wp-content\/smush-webp\/2024\/04\/6O6A6642-1-1024x683.jpg.webp\" alt=\"\" class=\"wp-image-19725\" srcset=\"https:\/\/renewablesassociation.ca\/wp-content\/smush-webp\/2024\/04\/6O6A6642-1-1024x683.jpg.webp 1024w, https:\/\/renewablesassociation.ca\/wp-content\/smush-webp\/2024\/04\/6O6A6642-1-300x200.jpg.webp 300w, https:\/\/renewablesassociation.ca\/wp-content\/smush-webp\/2024\/04\/6O6A6642-1-768x512.jpg.webp 768w, https:\/\/renewablesassociation.ca\/wp-content\/smush-webp\/2024\/04\/6O6A6642-1.jpg.webp 1368w\" sizes=\"(max-width: 1024px) 100vw, 1024px\" \/><figcaption class=\"wp-element-caption\"><em>PHOTO : Rhea Brown de SaskPower (deuxi\u00e8me \u00e0 gauche) et Rupen Pandya (extr\u00eame droite) avec Evan Wilson (extr\u00eame gauche) et Erwin Heuck (deuxi\u00e8me \u00e0 droite) de CanREA.<\/em><\/figcaption><\/figure>\n\n\n\n<figure class=\"wp-block-image size-large\"><img loading=\"lazy\" decoding=\"async\" width=\"1024\" height=\"683\" src=\"https:\/\/renewablesassociation.ca\/wp-content\/smush-webp\/2024\/04\/Kelly-with-members-1-1024x683.jpg.webp\" alt=\"\" class=\"wp-image-19726\" srcset=\"https:\/\/renewablesassociation.ca\/wp-content\/smush-webp\/2024\/04\/Kelly-with-members-1-1024x683.jpg.webp 1024w, https:\/\/renewablesassociation.ca\/wp-content\/smush-webp\/2024\/04\/Kelly-with-members-1-300x200.jpg.webp 300w, https:\/\/renewablesassociation.ca\/wp-content\/smush-webp\/2024\/04\/Kelly-with-members-1-768x512.jpg.webp 768w, https:\/\/renewablesassociation.ca\/wp-content\/smush-webp\/2024\/04\/Kelly-with-members-1.jpg.webp 1368w\" sizes=\"(max-width: 1024px) 100vw, 1024px\" \/><figcaption class=\"wp-element-caption\"><em>PHOTO : Kelly Hall de CanREA (au centre) avec Joe Esposito de Esposito Advisory Services Inc. (\u00e0 gauche) et Mike Nissen de ATCO EnPower (\u00e0 droite).<\/em><\/figcaption><\/figure>\n\n\n\n<div style=\"height:25px\" aria-hidden=\"true\" class=\"wp-block-spacer\"><\/div>\n\n\n\n<h3 class=\"wp-block-heading\">Merci \u00e0 notre commanditaire<\/h3>\n\n\n\n<figure class=\"wp-block-image size-full is-resized\"><img loading=\"lazy\" decoding=\"async\" width=\"519\" height=\"217\" src=\"https:\/\/renewablesassociation.ca\/wp-content\/smush-webp\/2024\/04\/Spring_SK_Reception_FR.png.webp\" alt=\"\" class=\"wp-image-19553\" style=\"width:390px;height:auto\" srcset=\"https:\/\/renewablesassociation.ca\/wp-content\/smush-webp\/2024\/04\/Spring_SK_Reception_FR.png.webp 519w, https:\/\/renewablesassociation.ca\/wp-content\/smush-webp\/2024\/04\/Spring_SK_Reception_FR-300x125.png.webp 300w\" sizes=\"(max-width: 519px) 100vw, 519px\" \/><\/figure>\n\n\n\n<figure class=\"wp-block-image size-large\"><img loading=\"lazy\" decoding=\"async\" width=\"1024\" height=\"683\" src=\"https:\/\/renewablesassociation.ca\/wp-content\/smush-webp\/2024\/04\/crowd-with-Invenergy-logo-1-1024x683.jpg.webp\" alt=\"\" class=\"wp-image-19727\" srcset=\"https:\/\/renewablesassociation.ca\/wp-content\/smush-webp\/2024\/04\/crowd-with-Invenergy-logo-1-1024x683.jpg.webp 1024w, https:\/\/renewablesassociation.ca\/wp-content\/smush-webp\/2024\/04\/crowd-with-Invenergy-logo-1-300x200.jpg.webp 300w, https:\/\/renewablesassociation.ca\/wp-content\/smush-webp\/2024\/04\/crowd-with-Invenergy-logo-1-768x512.jpg.webp 768w, https:\/\/renewablesassociation.ca\/wp-content\/smush-webp\/2024\/04\/crowd-with-Invenergy-logo-1.jpg.webp 1368w\" sizes=\"(max-width: 1024px) 100vw, 1024px\" \/><\/figure>\n\n\n\n<p>Merci \u00e0 Invenergy, membre de CanREA et commanditaire pour le r\u00e9seautage de CanREA se branche \u2014Saskatchewan.<\/p>\n\n\n\n<figure class=\"wp-block-image size-large\"><img loading=\"lazy\" decoding=\"async\" width=\"1024\" height=\"683\" src=\"https:\/\/renewablesassociation.ca\/wp-content\/smush-webp\/2024\/04\/Kelly-with-Invenergy-1-1024x683.jpg.webp\" alt=\"\" class=\"wp-image-19728\" srcset=\"https:\/\/renewablesassociation.ca\/wp-content\/smush-webp\/2024\/04\/Kelly-with-Invenergy-1-1024x683.jpg.webp 1024w, https:\/\/renewablesassociation.ca\/wp-content\/smush-webp\/2024\/04\/Kelly-with-Invenergy-1-300x200.jpg.webp 300w, https:\/\/renewablesassociation.ca\/wp-content\/smush-webp\/2024\/04\/Kelly-with-Invenergy-1-768x512.jpg.webp 768w, https:\/\/renewablesassociation.ca\/wp-content\/smush-webp\/2024\/04\/Kelly-with-Invenergy-1.jpg.webp 1368w\" sizes=\"(max-width: 1024px) 100vw, 1024px\" \/><figcaption class=\"wp-element-caption\"><em>PHOTO : Participant Patrick Beatty d\u2019Invenergy, commanditaire pour le r\u00e9seautage (au centre), aux c\u00f4t\u00e9s de Kelly Hall de CanREA (extr\u00eame gauche), Hannah Koenig de SWOH Energy Supply Limited (deuxi\u00e8me \u00e0 gauche), Robert Graber de Rev Engineering Ltd. (<a>deuxi\u00e8me<\/a> \u00e0 droite) et Ina Gjoka d&#8217;INNERGEX Renewable Energy (extr\u00eame droite).<\/em><\/figcaption><\/figure>\n\n\n\n<div style=\"height:25px\" aria-hidden=\"true\" class=\"wp-block-spacer\"><\/div>\n\n\n\n<h3 class=\"wp-block-heading\">Forfaits de commandites<\/h3>\n\n\n\n<p>D\u00e9marquez-vous de la foule ! Des occasions de <a href=\"https:\/\/renewablesassociation.ca\/fr\/?page_id=9273\">commandite<\/a> sont maintenant offertes pour la s\u00e9rie printani\u00e8re 2024 des r\u00e9ceptions de r\u00e9seautage de CanREA se branche. R\u00e9servez rapidement votre place! Consultez le prospectus de commandites, puis communiquez avec <a href=\"mailto:sales@renewablesassociation.ca\">Julie Mair<\/a>, directrice de l\u2019adh\u00e9sion et du d\u00e9veloppement des affaires, pour discuter de vos options.<\/p>\n\n\n\n<p><strong>Voir le calendrier annuel des \u00e9v\u00e9nements de CanREA <\/strong><a href=\"https:\/\/renewablesassociation.ca\/fr\/?p=18854\"><strong>ici.<\/strong><\/a><\/p>\n","protected":false},"excerpt":{"rendered":"<p>L&rsquo;Association canadienne de l&rsquo;&eacute;nergie renouvelable &eacute;tait heureuse d&#8217;organiser une r&eacute;ception de r&eacute;seautage printani&egrave;re sp&eacute;ciale &agrave; l&rsquo;&eacute;difice l&eacute;gislatif de Regina en avril 2024. Un total de 65 innovateurs du secteur de l&#8217;&eacute;nergie, des chefs d&#8217;entreprise et des influenceurs int&eacute;ress&eacute;s par le d&eacute;veloppement des secteurs de l&#8217;&eacute;nergie &eacute;olienne, solaire et du stockage d&#8217;&eacute;nergie ont assist&eacute; &agrave; l&#8217;&eacute;v&eacute;nement. [&hellip;]<\/p>\n","protected":false},"featured_media":19305,"template":"","tags":[],"event_taxonomy":[49],"class_list":["post-19304","event","type-event","status-publish","has-post-thumbnail","hentry","event_taxonomy-evenements"],"acf":[],"uagb_featured_image_src":{"full":["https:\/\/renewablesassociation.ca\/wp-content\/uploads\/2024\/03\/Saskatchewan-FR.png",1024,830,false],"thumbnail":["https:\/\/renewablesassociation.ca\/wp-content\/uploads\/2024\/03\/Saskatchewan-FR-150x150.png",150,150,true],"medium":["https:\/\/renewablesassociation.ca\/wp-content\/uploads\/2024\/03\/Saskatchewan-FR-300x243.png",300,243,true],"medium_large":["https:\/\/renewablesassociation.ca\/wp-content\/uploads\/2024\/03\/Saskatchewan-FR-768x623.png",768,623,true],"large":["https:\/\/renewablesassociation.ca\/wp-content\/uploads\/2024\/03\/Saskatchewan-FR.png",1024,830,false],"1536x1536":["https:\/\/renewablesassociation.ca\/wp-content\/uploads\/2024\/03\/Saskatchewan-FR.png",1024,830,false],"2048x2048":["https:\/\/renewablesassociation.ca\/wp-content\/uploads\/2024\/03\/Saskatchewan-FR.png",1024,830,false],"alm-thumbnail":["https:\/\/renewablesassociation.ca\/wp-content\/uploads\/2024\/03\/Saskatchewan-FR-150x150.png",150,150,true],"alm-cta":["https:\/\/renewablesassociation.ca\/wp-content\/uploads\/2024\/03\/Saskatchewan-FR-800x450.png",800,450,true],"alm-gallery":["https:\/\/renewablesassociation.ca\/wp-content\/uploads\/2024\/03\/Saskatchewan-FR-800x600.png",800,600,true],"news-img-2x":["https:\/\/renewablesassociation.ca\/wp-content\/uploads\/2024\/03\/Saskatchewan-FR.png",1024,830,false],"news-img":["https:\/\/renewablesassociation.ca\/wp-content\/uploads\/2024\/03\/Saskatchewan-FR-690x515.png",690,515,true],"gform-image-choice-sm":["https:\/\/renewablesassociation.ca\/wp-content\/uploads\/2024\/03\/Saskatchewan-FR.png",300,243,false],"gform-image-choice-md":["https:\/\/renewablesassociation.ca\/wp-content\/uploads\/2024\/03\/Saskatchewan-FR.png",400,324,false],"gform-image-choice-lg":["https:\/\/renewablesassociation.ca\/wp-content\/uploads\/2024\/03\/Saskatchewan-FR.png",600,486,false]},"uagb_author_info":{"display_name":"Melissa McDougall","author_link":"https:\/\/renewablesassociation.ca\/fr\/author\/"},"uagb_comment_info":0,"uagb_excerpt":"L&rsquo;Association canadienne de l&rsquo;&eacute;nergie renouvelable &eacute;tait heureuse d'organiser une r&eacute;ception de r&eacute;seautage printani&egrave;re sp&eacute;ciale &agrave; l&rsquo;&eacute;difice l&eacute;gislatif de Regina en avril 2024. Un total de 65 innovateurs du secteur de l'&eacute;nergie, des chefs d'entreprise et des influenceurs int&eacute;ress&eacute;s par le d&eacute;veloppement des secteurs de l'&eacute;nergie &eacute;olienne, solaire et du stockage d'&eacute;nergie ont assist&eacute; &agrave; l'&eacute;v&eacute;nement.\u2026","_links":{"self":[{"href":"https:\/\/renewablesassociation.ca\/fr\/wp-json\/wp\/v2\/event\/19304","targetHints":{"allow":["GET"]}}],"collection":[{"href":"https:\/\/renewablesassociation.ca\/fr\/wp-json\/wp\/v2\/event"}],"about":[{"href":"https:\/\/renewablesassociation.ca\/fr\/wp-json\/wp\/v2\/types\/event"}],"wp:featuredmedia":[{"embeddable":true,"href":"https:\/\/renewablesassociation.ca\/fr\/wp-json\/wp\/v2\/media\/19305"}],"wp:attachment":[{"href":"https:\/\/renewablesassociation.ca\/fr\/wp-json\/wp\/v2\/media?parent=19304"}],"wp:term":[{"taxonomy":"post_tag","embeddable":true,"href":"https:\/\/renewablesassociation.ca\/fr\/wp-json\/wp\/v2\/tags?post=19304"},{"taxonomy":"event_taxonomy","embeddable":true,"href":"https:\/\/renewablesassociation.ca\/fr\/wp-json\/wp\/v2\/event_taxonomy?post=19304"}],"curies":[{"name":"wp","href":"https:\/\/api.w.org\/{rel}","templated":true}]}}