{"id":15268,"date":"2023-03-31T15:58:05","date_gmt":"2023-03-31T19:58:05","guid":{"rendered":"https:\/\/renewablesassociation.ca\/?post_type=event&#038;p=15268"},"modified":"2023-06-09T15:36:00","modified_gmt":"2023-06-09T19:36:00","slug":"canrea-se-branche-quebec-reception-de-reseautage-printaniere","status":"publish","type":"event","link":"https:\/\/renewablesassociation.ca\/fr\/event\/canrea-se-branche-quebec-reception-de-reseautage-printaniere\/","title":{"rendered":"CanREA se branche \u2014 Qu\u00e9bec (r\u00e9ception de r\u00e9seautage printani\u00e8re)"},"content":{"rendered":"\n<h2 class=\"wp-block-heading\">8&nbsp;juin&nbsp;2023, 17h \u00e0 19h&nbsp;<br>Vandale par Le Speakeasy<br>120,&nbsp;rue McGill, Montr\u00e9al, Qu\u00e9bec<\/h2>\n\n\n\n<p>Merci aux 130 personnes qui \u00e9taient pr\u00e9sentes \u00e0 notre \u00e9v\u00e9nement! C\u2019\u00e9tait g\u00e9nial de rencontrer en mode pr\u00e9sentiel toutes les personnes influentes des industries des \u00e9nergies renouvelables et du stockage d\u2019\u00e9nergie du Qu\u00e9bec!<\/p>\n\n\n\n<figure class=\"wp-block-image size-full\"><img fetchpriority=\"high\" decoding=\"async\" width=\"748\" height=\"480\" src=\"https:\/\/renewablesassociation.ca\/wp-content\/smush-webp\/2023\/06\/canREA-Vandale268-good-bigcrowd-lores.jpg.webp\" alt=\"\" class=\"wp-image-16306\" srcset=\"https:\/\/renewablesassociation.ca\/wp-content\/smush-webp\/2023\/06\/canREA-Vandale268-good-bigcrowd-lores.jpg.webp 748w, https:\/\/renewablesassociation.ca\/wp-content\/smush-webp\/2023\/06\/canREA-Vandale268-good-bigcrowd-lores-300x193.jpg.webp 300w\" sizes=\"(max-width: 748px) 100vw, 748px\" \/><\/figure>\n\n\n\n<p>Les fili\u00e8res de l\u2019\u00e9olien, du solaire et du stockage d\u2019\u00e9nergie ont le vent dans les voiles au Qu\u00e9bec, avec de grandes annonces et de grands changements en perspective. CanREA travaille inlassablement \u00e0 multiplier les occasions pour les acteurs de ces secteurs au Qu\u00e9bec.<\/p>\n\n\n\n<figure class=\"wp-block-image size-large is-resized\"><img decoding=\"async\" src=\"https:\/\/renewablesassociation.ca\/wp-content\/smush-webp\/2023\/06\/canREA-Vandale321-good-posed-Canrea-staff-1024x738.jpg.webp\" alt=\"\" class=\"wp-image-16307\" width=\"750\" height=\"540\" srcset=\"https:\/\/renewablesassociation.ca\/wp-content\/smush-webp\/2023\/06\/canREA-Vandale321-good-posed-Canrea-staff-1024x738.jpg.webp 1024w, https:\/\/renewablesassociation.ca\/wp-content\/smush-webp\/2023\/06\/canREA-Vandale321-good-posed-Canrea-staff-300x216.jpg.webp 300w, https:\/\/renewablesassociation.ca\/wp-content\/smush-webp\/2023\/06\/canREA-Vandale321-good-posed-Canrea-staff-768x554.jpg.webp 768w, https:\/\/renewablesassociation.ca\/wp-content\/smush-webp\/2023\/06\/canREA-Vandale321-good-posed-Canrea-staff-1536x1108.jpg.webp 1536w, https:\/\/renewablesassociation.ca\/wp-content\/smush-webp\/2023\/06\/canREA-Vandale321-good-posed-Canrea-staff-2048x1477.jpg.webp 2048w\" sizes=\"(max-width: 750px) 100vw, 750px\" loading=\"lazy\" \/><\/figure>\n\n\n\n<p>CanREA a tenu une r\u00e9union sp\u00e9ciale du caucus du Qu\u00e9bec pr\u00e9c\u00e9dant la r\u00e9ception de r\u00e9seautage, au cours de laquelle des pr\u00e9sentations de Deloitte sur les r\u00e9percussions du budget f\u00e9d\u00e9ral au Qu\u00e9bec et de Fasken sur la \u00ab&nbsp;Consultation sur l\u2019\u00e9nergie&nbsp;\u00bb visant \u00e0 d\u00e9finir l\u2019avenir \u00e9nerg\u00e9tique du Qu\u00e9bec on \u00e9t\u00e9 pr\u00e9sent\u00e9es.<\/p>\n\n\n\n<figure class=\"wp-block-image size-large is-resized\"><img decoding=\"async\" src=\"https:\/\/renewablesassociation.ca\/wp-content\/smush-webp\/2023\/06\/canREA-Vandale403-good-jean-and-allies-lores-1024x735.jpg.webp\" alt=\"\" class=\"wp-image-16308\" width=\"755\" height=\"541\" srcset=\"https:\/\/renewablesassociation.ca\/wp-content\/smush-webp\/2023\/06\/canREA-Vandale403-good-jean-and-allies-lores-1024x735.jpg.webp 1024w, https:\/\/renewablesassociation.ca\/wp-content\/smush-webp\/2023\/06\/canREA-Vandale403-good-jean-and-allies-lores-300x215.jpg.webp 300w, https:\/\/renewablesassociation.ca\/wp-content\/smush-webp\/2023\/06\/canREA-Vandale403-good-jean-and-allies-lores-768x551.jpg.webp 768w, https:\/\/renewablesassociation.ca\/wp-content\/smush-webp\/2023\/06\/canREA-Vandale403-good-jean-and-allies-lores-1536x1102.jpg.webp 1536w, https:\/\/renewablesassociation.ca\/wp-content\/smush-webp\/2023\/06\/canREA-Vandale403-good-jean-and-allies-lores-2048x1470.jpg.webp 2048w\" sizes=\"(max-width: 755px) 100vw, 755px\" loading=\"lazy\" \/><figcaption class=\"wp-element-caption\"><em>L\u00e9gende: Marie Lapointe de l&#8217;AIEQ, Jean Habel de CanREA, H\u00e9l\u00e8ne Fillion de Nergica, Fabiola Oribe d&#8217;Hydro-Qu\u00e9bec, Victor Henriquez de l&#8217;AQPER, Jocelyn B. Allard de l&#8217;AQCIE et Jean-Philippe Rousseau d&#8217;Hydro-Qu\u00e9bec<\/em><\/figcaption><\/figure>\n\n\n\n<p>Merci \u00e0 Enercon, membre de CanREA, d\u2019avoir organis\u00e9 cette r\u00e9union.<\/p>\n\n\n\n<figure class=\"wp-block-image size-full is-resized\"><img loading=\"lazy\" decoding=\"async\" src=\"https:\/\/renewablesassociation.ca\/wp-content\/smush-webp\/2023\/06\/MicrosoftTeams-image-1.jpg.webp\" alt=\"\" class=\"wp-image-16311\" width=\"759\" height=\"526\" srcset=\"https:\/\/renewablesassociation.ca\/wp-content\/smush-webp\/2023\/06\/MicrosoftTeams-image-1.jpg.webp 1000w, https:\/\/renewablesassociation.ca\/wp-content\/smush-webp\/2023\/06\/MicrosoftTeams-image-1-300x208.jpg.webp 300w, https:\/\/renewablesassociation.ca\/wp-content\/smush-webp\/2023\/06\/MicrosoftTeams-image-1-768x533.jpg.webp 768w\" sizes=\"(max-width: 759px) 100vw, 759px\" \/><figcaption class=\"wp-element-caption\"><em>L\u00e9gende: Michael Wiedemann (au centre) d&#8217;Enercon, h\u00f4te de la r\u00e9union du caucus du Qu\u00e9bec, Marc Richard de Borea (\u00e0 droite) et Mathieu C\u00f4t\u00e9 de CanREA (\u00e0 gauche).<\/em><\/figcaption><\/figure>\n\n\n\n<p>Pour obtenir des renseignements sur la fa\u00e7on de se joindre au caucus du Qu\u00e9bec, veuillez \u00e9crire au <a href=\"mailto:membres@associationrenouvelable.ca.\">membres@associationrenouvelable.ca.<\/a><\/p>\n\n\n\n<figure class=\"wp-block-image size-large is-resized\"><img loading=\"lazy\" decoding=\"async\" src=\"https:\/\/renewablesassociation.ca\/wp-content\/smush-webp\/2023\/06\/canREA-Vandale325-good-posed-Board-lores-1-1024x722.jpg.webp\" alt=\"\" class=\"wp-image-16309\" width=\"763\" height=\"537\" srcset=\"https:\/\/renewablesassociation.ca\/wp-content\/smush-webp\/2023\/06\/canREA-Vandale325-good-posed-Board-lores-1-1024x722.jpg.webp 1024w, https:\/\/renewablesassociation.ca\/wp-content\/smush-webp\/2023\/06\/canREA-Vandale325-good-posed-Board-lores-1-300x212.jpg.webp 300w, https:\/\/renewablesassociation.ca\/wp-content\/smush-webp\/2023\/06\/canREA-Vandale325-good-posed-Board-lores-1-768x542.jpg.webp 768w, https:\/\/renewablesassociation.ca\/wp-content\/smush-webp\/2023\/06\/canREA-Vandale325-good-posed-Board-lores-1-1536x1084.jpg.webp 1536w, https:\/\/renewablesassociation.ca\/wp-content\/smush-webp\/2023\/06\/canREA-Vandale325-good-posed-Board-lores-1-2048x1445.jpg.webp 2048w\" sizes=\"(max-width: 763px) 100vw, 763px\" \/><figcaption class=\"wp-element-caption\"><em>L\u00e9gende: les membres du conseil d\u2019administration de CanREA, Cory Basil d\u2019EDF Renewables (deuxi\u00e8me \u00e0 partir de la droite) et Eva Lotta Schmidt d\u2019ENERCON (deuxi\u00e8me \u00e0 partir de la gauche), Wesley Johnston (\u00e0 l\u2019extr\u00eame droite) et Jean Habel (\u00e0 l\u2019extr\u00eame gauche) de CanREA<\/em><\/figcaption><\/figure>\n\n\n\n<figure class=\"wp-block-image size-large is-resized\"><img loading=\"lazy\" decoding=\"async\" src=\"https:\/\/renewablesassociation.ca\/wp-content\/smush-webp\/2023\/06\/canREA-Vandale277-good-lores-1024x695.jpg.webp\" alt=\"\" class=\"wp-image-16320\" width=\"771\" height=\"523\" srcset=\"https:\/\/renewablesassociation.ca\/wp-content\/smush-webp\/2023\/06\/canREA-Vandale277-good-lores-1024x695.jpg.webp 1024w, https:\/\/renewablesassociation.ca\/wp-content\/smush-webp\/2023\/06\/canREA-Vandale277-good-lores-300x204.jpg.webp 300w, https:\/\/renewablesassociation.ca\/wp-content\/smush-webp\/2023\/06\/canREA-Vandale277-good-lores-768x522.jpg.webp 768w, https:\/\/renewablesassociation.ca\/wp-content\/smush-webp\/2023\/06\/canREA-Vandale277-good-lores-1536x1043.jpg.webp 1536w, https:\/\/renewablesassociation.ca\/wp-content\/smush-webp\/2023\/06\/canREA-Vandale277-good-lores-2048x1391.jpg.webp 2048w\" sizes=\"(max-width: 771px) 100vw, 771px\" \/><figcaption class=\"wp-element-caption\"><em>L\u00e9gende: Louis Boivin de Deloitte ( deuxi\u00e8me \u00e0 partir de la gauche), Stefan Karkulik de SWEB Development&nbsp;(deuxi\u00e8me \u00e0 partir de la droite) et Suzanne Dicaire de FCCQ&nbsp;( \u00e0 droite).<\/em><\/figcaption><\/figure>\n\n\n\n<h3 class=\"wp-block-heading\">Merci \u00e0 nos commanditaires:<\/h3>\n\n\n\n<figure class=\"wp-block-image size-full\"><img loading=\"lazy\" decoding=\"async\" width=\"531\" height=\"331\" src=\"https:\/\/renewablesassociation.ca\/wp-content\/smush-webp\/2023\/03\/QC_Reception_FR.png.webp\" alt=\"\" class=\"wp-image-15288\" srcset=\"https:\/\/renewablesassociation.ca\/wp-content\/smush-webp\/2023\/03\/QC_Reception_FR.png.webp 531w, https:\/\/renewablesassociation.ca\/wp-content\/smush-webp\/2023\/03\/QC_Reception_FR-300x187.png.webp 300w\" sizes=\"(max-width: 531px) 100vw, 531px\" \/><\/figure>\n\n\n\n<figure class=\"wp-block-image size-full\"><img loading=\"lazy\" decoding=\"async\" width=\"744\" height=\"555\" src=\"https:\/\/renewablesassociation.ca\/wp-content\/smush-webp\/2023\/06\/canREA-Vandale320-good-posed-EDF-lores.jpg.webp\" alt=\"\" class=\"wp-image-16310\" srcset=\"https:\/\/renewablesassociation.ca\/wp-content\/smush-webp\/2023\/06\/canREA-Vandale320-good-posed-EDF-lores.jpg.webp 744w, https:\/\/renewablesassociation.ca\/wp-content\/smush-webp\/2023\/06\/canREA-Vandale320-good-posed-EDF-lores-300x224.jpg.webp 300w, https:\/\/renewablesassociation.ca\/wp-content\/smush-webp\/2023\/06\/canREA-Vandale320-good-posed-EDF-lores-690x515.jpg.webp 690w\" sizes=\"(max-width: 744px) 100vw, 744px\" \/><figcaption class=\"wp-element-caption\"><em>L\u00e9gende: Dan Barker (deuxi\u00e8me \u00e0 droite) d&#8217;EDF Renewables, commanditaire du r\u00e9seautage, avec Wesley Johnston de CanREA (\u00e0 l\u2019extr\u00eame droite), Mathieu C\u00f4t\u00e9 de CanREA (deuxi\u00e8me \u00e0 gauche) et Oliver Cohen d\u2019Enercon (\u00e0 l\u2019extr\u00eame gauche).<\/em><\/figcaption><\/figure>\n\n\n\n<figure class=\"wp-block-image size-large\"><img loading=\"lazy\" decoding=\"async\" width=\"1024\" height=\"683\" src=\"https:\/\/renewablesassociation.ca\/wp-content\/smush-webp\/2023\/06\/230608062234-canREA-Vandale366-1024x683.jpg.webp\" alt=\"\" class=\"wp-image-16330\" srcset=\"https:\/\/renewablesassociation.ca\/wp-content\/smush-webp\/2023\/06\/230608062234-canREA-Vandale366-1024x683.jpg.webp 1024w, https:\/\/renewablesassociation.ca\/wp-content\/smush-webp\/2023\/06\/230608062234-canREA-Vandale366-300x200.jpg.webp 300w, https:\/\/renewablesassociation.ca\/wp-content\/smush-webp\/2023\/06\/230608062234-canREA-Vandale366-768x512.jpg.webp 768w, https:\/\/renewablesassociation.ca\/wp-content\/smush-webp\/2023\/06\/230608062234-canREA-Vandale366-1536x1024.jpg.webp 1536w, https:\/\/renewablesassociation.ca\/wp-content\/smush-webp\/2023\/06\/230608062234-canREA-Vandale366-2048x1365.jpg.webp 2048w\" sizes=\"(max-width: 1024px) 100vw, 1024px\" \/><figcaption class=\"wp-element-caption\"><em>L\u00e9gende&nbsp;: Jean Habel de CanREA ( \u00e0 gauche), Angela Young de BayWa (au milieu) et Adam Sirignano <br>d\u2019ENERCON Canada Inc.( \u00e0 droite).<\/em><\/figcaption><\/figure>\n\n\n\n<p><strong>Voyez toute la s\u00e9rie printani\u00e8re de <a href=\"https:\/\/renewablesassociation.ca\/fr\/?p=14391\" target=\"_blank\" rel=\"noreferrer noopener\">r\u00e9ceptions de r\u00e9seautage de CanREA ici.<\/a><\/strong><\/p>\n","protected":false},"excerpt":{"rendered":"<p>Merci aux 130 personnes qui &eacute;taient pr&eacute;sentes &agrave; notre &eacute;v&eacute;nement! C&rsquo;&eacute;tait g&eacute;nial de rencontrer en mode pr&eacute;sentiel toutes les personnes influentes des industries des &eacute;nergies renouvelables et du stockage d&rsquo;&eacute;nergie du Qu&eacute;bec! [&hellip;]<\/p>\n","protected":false},"featured_media":15301,"template":"","tags":[],"event_taxonomy":[49],"class_list":["post-15268","event","type-event","status-publish","has-post-thumbnail","hentry","event_taxonomy-evenements"],"acf":[],"uagb_featured_image_src":{"full":["https:\/\/renewablesassociation.ca\/wp-content\/uploads\/2023\/03\/Montreal-FR.png",1024,830,false],"thumbnail":["https:\/\/renewablesassociation.ca\/wp-content\/uploads\/2023\/03\/Montreal-FR-150x150.png",150,150,true],"medium":["https:\/\/renewablesassociation.ca\/wp-content\/uploads\/2023\/03\/Montreal-FR-300x243.png",300,243,true],"medium_large":["https:\/\/renewablesassociation.ca\/wp-content\/uploads\/2023\/03\/Montreal-FR-768x623.png",768,623,true],"large":["https:\/\/renewablesassociation.ca\/wp-content\/uploads\/2023\/03\/Montreal-FR.png",1024,830,false],"1536x1536":["https:\/\/renewablesassociation.ca\/wp-content\/uploads\/2023\/03\/Montreal-FR.png",1024,830,false],"2048x2048":["https:\/\/renewablesassociation.ca\/wp-content\/uploads\/2023\/03\/Montreal-FR.png",1024,830,false],"alm-thumbnail":["https:\/\/renewablesassociation.ca\/wp-content\/uploads\/2023\/03\/Montreal-FR-150x150.png",150,150,true],"alm-cta":["https:\/\/renewablesassociation.ca\/wp-content\/uploads\/2023\/03\/Montreal-FR-800x450.png",800,450,true],"alm-gallery":["https:\/\/renewablesassociation.ca\/wp-content\/uploads\/2023\/03\/Montreal-FR-800x600.png",800,600,true],"news-img-2x":["https:\/\/renewablesassociation.ca\/wp-content\/uploads\/2023\/03\/Montreal-FR.png",1024,830,false],"news-img":["https:\/\/renewablesassociation.ca\/wp-content\/uploads\/2023\/03\/Montreal-FR-690x515.png",690,515,true],"gform-image-choice-sm":["https:\/\/renewablesassociation.ca\/wp-content\/uploads\/2023\/03\/Montreal-FR.png",300,243,false],"gform-image-choice-md":["https:\/\/renewablesassociation.ca\/wp-content\/uploads\/2023\/03\/Montreal-FR.png",400,324,false],"gform-image-choice-lg":["https:\/\/renewablesassociation.ca\/wp-content\/uploads\/2023\/03\/Montreal-FR.png",600,486,false]},"uagb_author_info":{"display_name":"Judy Mitri","author_link":"https:\/\/renewablesassociation.ca\/fr\/author\/"},"uagb_comment_info":0,"uagb_excerpt":"Merci aux 130 personnes qui &eacute;taient pr&eacute;sentes &agrave; notre &eacute;v&eacute;nement! C&rsquo;&eacute;tait g&eacute;nial de rencontrer en mode pr&eacute;sentiel toutes les personnes influentes des industries des &eacute;nergies renouvelables et du stockage d&rsquo;&eacute;nergie du Qu&eacute;bec! [&hellip;]","_links":{"self":[{"href":"https:\/\/renewablesassociation.ca\/fr\/wp-json\/wp\/v2\/event\/15268","targetHints":{"allow":["GET"]}}],"collection":[{"href":"https:\/\/renewablesassociation.ca\/fr\/wp-json\/wp\/v2\/event"}],"about":[{"href":"https:\/\/renewablesassociation.ca\/fr\/wp-json\/wp\/v2\/types\/event"}],"wp:featuredmedia":[{"embeddable":true,"href":"https:\/\/renewablesassociation.ca\/fr\/wp-json\/wp\/v2\/media\/15301"}],"wp:attachment":[{"href":"https:\/\/renewablesassociation.ca\/fr\/wp-json\/wp\/v2\/media?parent=15268"}],"wp:term":[{"taxonomy":"post_tag","embeddable":true,"href":"https:\/\/renewablesassociation.ca\/fr\/wp-json\/wp\/v2\/tags?post=15268"},{"taxonomy":"event_taxonomy","embeddable":true,"href":"https:\/\/renewablesassociation.ca\/fr\/wp-json\/wp\/v2\/event_taxonomy?post=15268"}],"curies":[{"name":"wp","href":"https:\/\/api.w.org\/{rel}","templated":true}]}}