{"id":14771,"date":"2023-03-10T16:33:00","date_gmt":"2023-03-10T20:33:00","guid":{"rendered":"https:\/\/renewablesassociation.ca\/?post_type=event&#038;p=14771"},"modified":"2023-05-15T11:16:09","modified_gmt":"2023-05-15T15:16:09","slug":"canrea-se-branche-canada-atlantique-reception-de-reseautage-printaniere","status":"publish","type":"event","link":"https:\/\/renewablesassociation.ca\/fr\/event\/canrea-se-branche-canada-atlantique-reception-de-reseautage-printaniere\/","title":{"rendered":"CanREA se branche\u2014Canada atlantique (r\u00e9ception de r\u00e9seautage printani\u00e8re)"},"content":{"rendered":"\n<h2 class=\"wp-block-heading\">10 mai 2023, 17h \u00e0 19h&nbsp;<br>Taverne East of Grafton<br>1580 rue Argyle, Halifax (Nouvelle-\u00c9cosse)<\/h2>\n\n\n\n<p>L\u2019Association canadienne de l&#8217;\u00e9nergie renouvelable tient \u00e0 remercier tous ceux et celles qui ont particip\u00e9 \u00e0 la r\u00e9ception de r\u00e9seautage \u00ab&nbsp;CanREA se branche&nbsp;\u00bb qui a eu lieu \u00e0 Halifax le 10&nbsp;mai dernier!<\/p>\n\n\n\n<figure class=\"wp-block-image size-full\"><img fetchpriority=\"high\" decoding=\"async\" width=\"739\" height=\"493\" src=\"https:\/\/renewablesassociation.ca\/wp-content\/smush-webp\/2023\/05\/4003936_551-canrea-team-BEST@0.1x-1.png.webp\" alt=\"\" class=\"wp-image-15765\" srcset=\"https:\/\/renewablesassociation.ca\/wp-content\/smush-webp\/2023\/05\/4003936_551-canrea-team-BEST@0.1x-1.png.webp 739w, https:\/\/renewablesassociation.ca\/wp-content\/smush-webp\/2023\/05\/4003936_551-canrea-team-BEST@0.1x-1-300x200.png.webp 300w\" sizes=\"(max-width: 739px) 100vw, 739px\" \/><\/figure>\n\n\n\n<p>Autour de 85 personnes ont particip\u00e9 \u00e0 cette r\u00e9ception de r\u00e9seautage bien sp\u00e9ciale qui a eu lieu \u00e0 l\u2019int\u00e9rieur et \u00e0 l\u2019ext\u00e9rieur. Cet \u00e9v\u00e9nement a attir\u00e9 des innovateurs, des chefs d\u2019entreprise et d\u2019autres acteurs du secteur de l\u2019\u00e9nergie qui veulent faire \u00e9voluer la fili\u00e8re de l\u2019\u00e9olien, du solaire et du stockage dans la r\u00e9gion.<\/p>\n\n\n\n<figure class=\"wp-block-image size-full is-resized\"><img decoding=\"async\" src=\"https:\/\/renewablesassociation.ca\/wp-content\/smush-webp\/2023\/05\/4003948_784-Jean-Wes-and-crowd-BEST@0.1x-1.png.webp\" alt=\"\" class=\"wp-image-15766\" width=\"737\" height=\"490\" srcset=\"https:\/\/renewablesassociation.ca\/wp-content\/smush-webp\/2023\/05\/4003948_784-Jean-Wes-and-crowd-BEST@0.1x-1.png.webp 605w, https:\/\/renewablesassociation.ca\/wp-content\/smush-webp\/2023\/05\/4003948_784-Jean-Wes-and-crowd-BEST@0.1x-1-300x199.png.webp 300w\" sizes=\"(max-width: 737px) 100vw, 737px\" loading=\"lazy\" \/><\/figure>\n\n\n\n<p>Ce fut une merveilleuse soir\u00e9e remplie de discussions anim\u00e9es sur les nouvelles possibilit\u00e9s int\u00e9ressantes en mati\u00e8re d\u2019\u00e9nergie renouvelable dans le Canada atlantique.<\/p>\n\n\n\n<figure class=\"wp-block-image size-full is-resized\"><img decoding=\"async\" src=\"https:\/\/renewablesassociation.ca\/wp-content\/smush-webp\/2023\/05\/4003936_465-Jean-speaking-BEST@0.1x-1.png.webp\" alt=\"\" class=\"wp-image-15767\" width=\"739\" height=\"492\" srcset=\"https:\/\/renewablesassociation.ca\/wp-content\/smush-webp\/2023\/05\/4003936_465-Jean-speaking-BEST@0.1x-1.png.webp 826w, https:\/\/renewablesassociation.ca\/wp-content\/smush-webp\/2023\/05\/4003936_465-Jean-speaking-BEST@0.1x-1-300x200.png.webp 300w, https:\/\/renewablesassociation.ca\/wp-content\/smush-webp\/2023\/05\/4003936_465-Jean-speaking-BEST@0.1x-1-768x511.png.webp 768w\" sizes=\"(max-width: 739px) 100vw, 739px\" loading=\"lazy\" \/><\/figure>\n\n\n\n<h3 class=\"wp-block-heading\">Forfaits de commandites \u2013 D\u00e9marquez-vous!<\/h3>\n\n\n\n<p>Des opportunit\u00e9s de <a href=\"https:\/\/renewablesassociation.ca\/fr\/?page_id=9273\" target=\"_blank\" rel=\"noreferrer noopener\">commandites<\/a> sont toujours disponibles pour les prochaines r\u00e9ceptions de r\u00e9seautage printani\u00e8res de CanREA. Contactez <a href=\"mailto:jmair@renewablesassociation.ca\" target=\"_blank\" rel=\"noreferrer noopener\">Julie Mair<\/a>, gestionnaire de l\u2019adh\u00e9sion et du d\u00e9veloppement des affaires, pour discuter des options int\u00e9ressantes qui vous sont offertes pour vous d\u00e9marquer en tant que commanditaire et positionner votre entreprise comme chef de file de l\u2019industrie.<\/p>\n\n\n\n<h3 class=\"wp-block-heading\">Commanditaires de l\u2019\u00e9v\u00e9nement<\/h3>\n\n\n\n<figure class=\"wp-block-image size-full is-resized\"><img loading=\"lazy\" decoding=\"async\" src=\"https:\/\/renewablesassociation.ca\/wp-content\/smush-webp\/2023\/03\/NS_Reception_FR-2.png.webp\" alt=\"\" class=\"wp-image-15865\" width=\"623\" height=\"288\" srcset=\"https:\/\/renewablesassociation.ca\/wp-content\/smush-webp\/2023\/03\/NS_Reception_FR-2.png.webp 568w, https:\/\/renewablesassociation.ca\/wp-content\/smush-webp\/2023\/03\/NS_Reception_FR-2-300x139.png.webp 300w\" sizes=\"(max-width: 623px) 100vw, 623px\" \/><\/figure>\n\n\n\n<figure class=\"wp-block-image size-full is-resized\"><img loading=\"lazy\" decoding=\"async\" src=\"https:\/\/renewablesassociation.ca\/wp-content\/smush-webp\/2023\/05\/4003936_537-sponsors-Northland-BEST@0.1x-1.png.webp\" alt=\"\" class=\"wp-image-15783\" width=\"739\" height=\"493\" srcset=\"https:\/\/renewablesassociation.ca\/wp-content\/smush-webp\/2023\/05\/4003936_537-sponsors-Northland-BEST@0.1x-1.png.webp 720w, https:\/\/renewablesassociation.ca\/wp-content\/smush-webp\/2023\/05\/4003936_537-sponsors-Northland-BEST@0.1x-1-300x200.png.webp 300w\" sizes=\"(max-width: 739px) 100vw, 739px\" \/><figcaption class=\"wp-element-caption\"><em>L\u00e9gende: Commanditaire du r\u00e9seautage, Northland Power, avec les membres du personnel de CanREA, Wes Johnston, vice-pr\u00e9sident, D\u00e9veloppement des affaires, finances et op\u00e9rations (\u00e0 l\u2019extr\u00eame gauche) et Jean Habel, directeur, Qu\u00e9bec et Canada atlantique (\u00e0 l\u2019extr\u00eame droite).<\/em><\/figcaption><\/figure>\n\n\n\n<div style=\"height:35px\" aria-hidden=\"true\" class=\"wp-block-spacer\"><\/div>\n\n\n\n<figure class=\"wp-block-image size-full is-resized\"><img loading=\"lazy\" decoding=\"async\" src=\"https:\/\/renewablesassociation.ca\/wp-content\/smush-webp\/2023\/05\/4003936_528-sponsors-Enfinite-Jason-BEST@0.1x-1.png.webp\" alt=\"\" class=\"wp-image-15786\" width=\"740\" height=\"493\" srcset=\"https:\/\/renewablesassociation.ca\/wp-content\/smush-webp\/2023\/05\/4003936_528-sponsors-Enfinite-Jason-BEST@0.1x-1.png.webp 645w, https:\/\/renewablesassociation.ca\/wp-content\/smush-webp\/2023\/05\/4003936_528-sponsors-Enfinite-Jason-BEST@0.1x-1-300x200.png.webp 300w\" sizes=\"(max-width: 740px) 100vw, 740px\" \/><figcaption class=\"wp-element-caption\"><em>L\u00e9gende: Commanditaire du r\u00e9seautage, Enfinite, avec les membres du personnel de CanREA, Mary MacLean, coordonnatrice d\u2019Environnement, Sant\u00e9-S\u00e9curit\u00e9 et d\u00e9veloppement de la main d\u2019\u0153uvre\u202f&nbsp; (\u00e0 l\u2019extr\u00eame gauche), Jean Habel, directeur, Qu\u00e9bec et Canada atlantique (deuxi\u00e8me \u00e0 partir de la gauche) et Wes Johnston, vice-pr\u00e9sident, D\u00e9veloppement des affaires, finances et op\u00e9rations (\u00e0 l\u2019extr\u00eame droite).<\/em><\/figcaption><\/figure>\n\n\n\n<div style=\"height:35px\" aria-hidden=\"true\" class=\"wp-block-spacer\"><\/div>\n\n\n\n<figure class=\"wp-block-image size-full is-resized\"><img loading=\"lazy\" decoding=\"async\" src=\"https:\/\/renewablesassociation.ca\/wp-content\/smush-webp\/2023\/05\/4003936_525-sponsors-BayWa-Angela-Young-BEST@0.1x-1.png.webp\" alt=\"\" class=\"wp-image-15787\" width=\"742\" height=\"494\" srcset=\"https:\/\/renewablesassociation.ca\/wp-content\/smush-webp\/2023\/05\/4003936_525-sponsors-BayWa-Angela-Young-BEST@0.1x-1.png.webp 812w, https:\/\/renewablesassociation.ca\/wp-content\/smush-webp\/2023\/05\/4003936_525-sponsors-BayWa-Angela-Young-BEST@0.1x-1-300x200.png.webp 300w, https:\/\/renewablesassociation.ca\/wp-content\/smush-webp\/2023\/05\/4003936_525-sponsors-BayWa-Angela-Young-BEST@0.1x-1-768x512.png.webp 768w\" sizes=\"(max-width: 742px) 100vw, 742px\" \/><figcaption class=\"wp-element-caption\"><em>L\u00e9gende&nbsp;: Angela Young (\u00e0 droite), de BayWa ( commanditaire de l\u2019\u00e9v\u00e9nement), en compagnie du membre du personnel de CanREA, Wes Johnston, vice-pr\u00e9sident, D\u00e9veloppement des affaires, finances et op\u00e9rations  (\u00e0 gauche).<\/em><\/figcaption><\/figure>\n\n\n\n<div style=\"height:35px\" aria-hidden=\"true\" class=\"wp-block-spacer\"><\/div>\n\n\n\n<figure class=\"wp-block-image size-full\"><img loading=\"lazy\" decoding=\"async\" width=\"771\" height=\"514\" src=\"https:\/\/renewablesassociation.ca\/wp-content\/smush-webp\/2023\/05\/4003936_519-Sponsors-RES-BEST@0.1x-1.png.webp\" alt=\"\" class=\"wp-image-15788\" srcset=\"https:\/\/renewablesassociation.ca\/wp-content\/smush-webp\/2023\/05\/4003936_519-Sponsors-RES-BEST@0.1x-1.png.webp 771w, https:\/\/renewablesassociation.ca\/wp-content\/smush-webp\/2023\/05\/4003936_519-Sponsors-RES-BEST@0.1x-1-300x200.png.webp 300w, https:\/\/renewablesassociation.ca\/wp-content\/smush-webp\/2023\/05\/4003936_519-Sponsors-RES-BEST@0.1x-1-768x512.png.webp 768w\" sizes=\"(max-width: 771px) 100vw, 771px\" \/><figcaption class=\"wp-element-caption\"><em>PHOTO&nbsp;: Commanditaire de l\u2019\u00e9v\u00e9nement, Renewable Energy Systems (RES) Canada Inc. avec les membres du personnel de CanREA, Jean Habel, directeur, Qu\u00e9bec et Canada atlantique (\u00e0 l\u2019extr\u00eame gauche) et Wes Johnston, vice-pr\u00e9sident, D\u00e9veloppement des affaires, finances et op\u00e9rations (deuxi\u00e8me \u00e0 partir de la droite).<\/em><\/figcaption><\/figure>\n\n\n\n<h3 class=\"wp-block-heading\">Sant\u00e9 et s\u00e9curit\u00e9<\/h3>\n\n\n\n<p>CanREA accorde une importance prioritaire \u00e0 la sant\u00e9 et \u00e0 la s\u00e9curit\u00e9. Tous ses \u00e9v\u00e9nements respectent au minimum les mesures sanitaires de lutte contre la COVID-19 \u00e9tablies par les autorit\u00e9s de l\u2019endroit o\u00f9 se tient l\u2019activit\u00e9. CanREA s\u2019engage \u00e0 prendre toutes les pr\u00e9cautions n\u00e9cessaires pour assurer un environnement s\u00e9curitaire \u00e0 tous \u2013 invit\u00e9s, participants, exposants et employ\u00e9s \u2013 lors de ses \u00e9v\u00e9nements en personne.<\/p>\n\n\n\n<p><strong>Voyez toute la s\u00e9rie printani\u00e8re de <a href=\"https:\/\/renewablesassociation.ca\/fr\/?p=14391\" target=\"_blank\" rel=\"noreferrer noopener\">r\u00e9ceptions de r\u00e9seautage de CanREA ici.<\/a><\/strong><\/p>\n","protected":false},"excerpt":{"rendered":"<p>L&rsquo;Association canadienne de l&#8217;&eacute;nergie renouvelable tient &agrave; remercier tous ceux et celles qui ont particip&eacute; &agrave; la r&eacute;ception de r&eacute;seautage &laquo;CanREA se branche&raquo; qui a eu lieu &agrave; Halifax le 10mai dernier! [&hellip;]<\/p>\n","protected":false},"featured_media":14789,"template":"","tags":[],"event_taxonomy":[49],"class_list":["post-14771","event","type-event","status-publish","has-post-thumbnail","hentry","event_taxonomy-evenements"],"acf":[],"uagb_featured_image_src":{"full":["https:\/\/renewablesassociation.ca\/wp-content\/uploads\/2023\/03\/Halifax-FR.png",1024,830,false],"thumbnail":["https:\/\/renewablesassociation.ca\/wp-content\/uploads\/2023\/03\/Halifax-FR-150x150.png",150,150,true],"medium":["https:\/\/renewablesassociation.ca\/wp-content\/uploads\/2023\/03\/Halifax-FR-300x243.png",300,243,true],"medium_large":["https:\/\/renewablesassociation.ca\/wp-content\/uploads\/2023\/03\/Halifax-FR-768x623.png",768,623,true],"large":["https:\/\/renewablesassociation.ca\/wp-content\/uploads\/2023\/03\/Halifax-FR.png",1024,830,false],"1536x1536":["https:\/\/renewablesassociation.ca\/wp-content\/uploads\/2023\/03\/Halifax-FR.png",1024,830,false],"2048x2048":["https:\/\/renewablesassociation.ca\/wp-content\/uploads\/2023\/03\/Halifax-FR.png",1024,830,false],"alm-thumbnail":["https:\/\/renewablesassociation.ca\/wp-content\/uploads\/2023\/03\/Halifax-FR-150x150.png",150,150,true],"alm-cta":["https:\/\/renewablesassociation.ca\/wp-content\/uploads\/2023\/03\/Halifax-FR-800x450.png",800,450,true],"alm-gallery":["https:\/\/renewablesassociation.ca\/wp-content\/uploads\/2023\/03\/Halifax-FR-800x600.png",800,600,true],"news-img-2x":["https:\/\/renewablesassociation.ca\/wp-content\/uploads\/2023\/03\/Halifax-FR.png",1024,830,false],"news-img":["https:\/\/renewablesassociation.ca\/wp-content\/uploads\/2023\/03\/Halifax-FR-690x515.png",690,515,true],"gform-image-choice-sm":["https:\/\/renewablesassociation.ca\/wp-content\/uploads\/2023\/03\/Halifax-FR.png",300,243,false],"gform-image-choice-md":["https:\/\/renewablesassociation.ca\/wp-content\/uploads\/2023\/03\/Halifax-FR.png",400,324,false],"gform-image-choice-lg":["https:\/\/renewablesassociation.ca\/wp-content\/uploads\/2023\/03\/Halifax-FR.png",600,486,false]},"uagb_author_info":{"display_name":"Melissa McDougall","author_link":"https:\/\/renewablesassociation.ca\/fr\/author\/"},"uagb_comment_info":0,"uagb_excerpt":"L&rsquo;Association canadienne de l'&eacute;nergie renouvelable tient &agrave; remercier tous ceux et celles qui ont particip&eacute; &agrave; la r&eacute;ception de r&eacute;seautage &laquo;CanREA se branche&raquo; qui a eu lieu &agrave; Halifax le 10mai dernier! [&hellip;]","_links":{"self":[{"href":"https:\/\/renewablesassociation.ca\/fr\/wp-json\/wp\/v2\/event\/14771","targetHints":{"allow":["GET"]}}],"collection":[{"href":"https:\/\/renewablesassociation.ca\/fr\/wp-json\/wp\/v2\/event"}],"about":[{"href":"https:\/\/renewablesassociation.ca\/fr\/wp-json\/wp\/v2\/types\/event"}],"wp:featuredmedia":[{"embeddable":true,"href":"https:\/\/renewablesassociation.ca\/fr\/wp-json\/wp\/v2\/media\/14789"}],"wp:attachment":[{"href":"https:\/\/renewablesassociation.ca\/fr\/wp-json\/wp\/v2\/media?parent=14771"}],"wp:term":[{"taxonomy":"post_tag","embeddable":true,"href":"https:\/\/renewablesassociation.ca\/fr\/wp-json\/wp\/v2\/tags?post=14771"},{"taxonomy":"event_taxonomy","embeddable":true,"href":"https:\/\/renewablesassociation.ca\/fr\/wp-json\/wp\/v2\/event_taxonomy?post=14771"}],"curies":[{"name":"wp","href":"https:\/\/api.w.org\/{rel}","templated":true}]}}