{"id":12891,"date":"2022-10-04T10:38:56","date_gmt":"2022-10-04T14:38:56","guid":{"rendered":"https:\/\/renewablesassociation.ca\/?post_type=event&#038;p=12891"},"modified":"2022-12-06T15:39:13","modified_gmt":"2022-12-06T19:39:13","slug":"webinaire-le-point-avec-rncan-programme-sur-les-systemes-photovoltaiques-de-laie","status":"publish","type":"event","link":"https:\/\/renewablesassociation.ca\/fr\/event\/webinaire-le-point-avec-rncan-programme-sur-les-systemes-photovoltaiques-de-laie\/","title":{"rendered":"Webinaire-Le point avec RNCan\u00a0: programme sur les syst\u00e8mes photovolta\u00efques de l\u2019AIE"},"content":{"rendered":"\n<h2 class=\"wp-block-heading\">23&nbsp;novembre&nbsp;2022, de 13&nbsp;h \u00e0 14&nbsp;h<\/h2>\n\n\n\n<p>Le 23 novembre dernier, CanREA a organis\u00e9 un webinaire de Ressources naturelles Canada o\u00f9 Yves\u00a0Poissant a fait le point sur les activit\u00e9s et les r\u00e9alisations du programme collaboratif sur les syst\u00e8mes photovolta\u00efques de l\u2019Agence internationale de l\u2019\u00e9nergie.<\/p>\n\n\n\n<p>Les donn\u00e9es pr\u00e9liminaires montrent que malgr\u00e9 une deuxi\u00e8me ann\u00e9e de pand\u00e9mie de COVID-19, le march\u00e9 mondial de l\u2019\u00e9nergie photovolta\u00efque a de nouveau connu une croissance importante en 2021. En effet, selon l\u2019AIE, des syst\u00e8mes totalisant au moins 175&nbsp;GW d\u2019\u00e9nergie photovolta\u00efque ont \u00e9t\u00e9 install\u00e9s et mis en service dans le monde l\u2019ann\u00e9e derni\u00e8re, ce qui portait le total de la puissance install\u00e9e mondiale pour ce type d\u2019\u00e9nergie \u00e0 plus de 942&nbsp;GW \u00e0 la fin de 2021.<\/p>\n\n\n\n<p>Depuis pr\u00e8s de trois d\u00e9cennies, le programme d\u2019\u00e9nergie photovolta\u00efque de l\u2019AIE rassemble des experts pour acc\u00e9l\u00e9rer l\u2019int\u00e9gration, l\u2019exploitation et l\u2019acceptabilit\u00e9 de l\u2019\u00e9nergie solaire photovolta\u00efque dans un large \u00e9ventail d\u2019applications. Ce r\u00e9seau mondial de chercheurs et d\u2019experts en politiques partage les derni\u00e8res perc\u00e9es technologiques et les meilleures pratiques pour stimuler le d\u00e9ploiement de l\u2019\u00e9nergie solaire photovolta\u00efque, l\u2019\u00e9nergie solaire \u00e9tant en passe de devenir l\u2019une des pierres angulaires de la transition \u00e9cologique en r\u00e9ponse \u00e0 l\u2019urgence climatique.<\/p>\n\n\n\n<h3 class=\"wp-block-heading\">Conf\u00e9rencier:<\/h3>\n\n\n\n<p>Yves\u00a0Poissant est sp\u00e9cialiste des technologies photovolta\u00efques, gestionnaire de recherche chez Canmet\u00c9NERGIE de Ressources naturelles Canada et d\u00e9l\u00e9gu\u00e9 du Canada au comit\u00e9 ex\u00e9cutif du programme sur les syst\u00e8mes de production d\u2019\u00e9lectricit\u00e9 photovolta\u00efque de l\u2019Agence internationale de l\u2019\u00e9nergie.<\/p>\n\n\n\n<p><strong>Un enregistrement de ce webinaire est disponible sur le site web r\u00e9serv\u00e9 aux membres de CanREA.<\/strong><\/p>\n","protected":false},"excerpt":{"rendered":"<p>Le 23 novembre dernier, CanREA a organis&eacute; un webinaire de Ressources naturelles Canada o&ugrave; Yves&nbsp;Poissant a fait le point sur les activit&eacute;s et les r&eacute;alisations du programme collaboratif sur les syst&egrave;mes photovolta&iuml;ques de l&rsquo;Agence internationale de l&rsquo;&eacute;nergie. [&hellip;]<\/p>\n","protected":false},"featured_media":12895,"template":"","tags":[],"event_taxonomy":[50],"class_list":["post-12891","event","type-event","status-publish","has-post-thumbnail","hentry","event_taxonomy-webinaires"],"acf":[],"uagb_featured_image_src":{"full":["https:\/\/renewablesassociation.ca\/wp-content\/uploads\/2022\/09\/FR-NRCan-Webinar-Website.png",1380,1030,false],"thumbnail":["https:\/\/renewablesassociation.ca\/wp-content\/uploads\/2022\/09\/FR-NRCan-Webinar-Website-150x150.png",150,150,true],"medium":["https:\/\/renewablesassociation.ca\/wp-content\/uploads\/2022\/09\/FR-NRCan-Webinar-Website-300x224.png",300,224,true],"medium_large":["https:\/\/renewablesassociation.ca\/wp-content\/uploads\/2022\/09\/FR-NRCan-Webinar-Website-768x573.png",768,573,true],"large":["https:\/\/renewablesassociation.ca\/wp-content\/uploads\/2022\/09\/FR-NRCan-Webinar-Website-1024x764.png",1024,764,true],"1536x1536":["https:\/\/renewablesassociation.ca\/wp-content\/uploads\/2022\/09\/FR-NRCan-Webinar-Website.png",1380,1030,false],"2048x2048":["https:\/\/renewablesassociation.ca\/wp-content\/uploads\/2022\/09\/FR-NRCan-Webinar-Website.png",1380,1030,false],"alm-thumbnail":["https:\/\/renewablesassociation.ca\/wp-content\/uploads\/2022\/09\/FR-NRCan-Webinar-Website.png",150,112,false],"alm-cta":["https:\/\/renewablesassociation.ca\/wp-content\/uploads\/2022\/09\/FR-NRCan-Webinar-Website.png",603,450,false],"alm-gallery":["https:\/\/renewablesassociation.ca\/wp-content\/uploads\/2022\/09\/FR-NRCan-Webinar-Website.png",800,597,false],"news-img-2x":["https:\/\/renewablesassociation.ca\/wp-content\/uploads\/2022\/09\/FR-NRCan-Webinar-Website-1380x1030.png",1380,1030,true],"news-img":["https:\/\/renewablesassociation.ca\/wp-content\/uploads\/2022\/09\/FR-NRCan-Webinar-Website-690x515.png",690,515,true],"gform-image-choice-sm":["https:\/\/renewablesassociation.ca\/wp-content\/uploads\/2022\/09\/FR-NRCan-Webinar-Website.png",300,224,false],"gform-image-choice-md":["https:\/\/renewablesassociation.ca\/wp-content\/uploads\/2022\/09\/FR-NRCan-Webinar-Website.png",400,299,false],"gform-image-choice-lg":["https:\/\/renewablesassociation.ca\/wp-content\/uploads\/2022\/09\/FR-NRCan-Webinar-Website.png",600,448,false]},"uagb_author_info":{"display_name":"Judy Mitri","author_link":"https:\/\/renewablesassociation.ca\/fr\/author\/"},"uagb_comment_info":0,"uagb_excerpt":"Le 23 novembre dernier, CanREA a organis&eacute; un webinaire de Ressources naturelles Canada o&ugrave; Yves&nbsp;Poissant a fait le point sur les activit&eacute;s et les r&eacute;alisations du programme collaboratif sur les syst&egrave;mes photovolta&iuml;ques de l&rsquo;Agence internationale de l&rsquo;&eacute;nergie. [&hellip;]","_links":{"self":[{"href":"https:\/\/renewablesassociation.ca\/fr\/wp-json\/wp\/v2\/event\/12891","targetHints":{"allow":["GET"]}}],"collection":[{"href":"https:\/\/renewablesassociation.ca\/fr\/wp-json\/wp\/v2\/event"}],"about":[{"href":"https:\/\/renewablesassociation.ca\/fr\/wp-json\/wp\/v2\/types\/event"}],"wp:featuredmedia":[{"embeddable":true,"href":"https:\/\/renewablesassociation.ca\/fr\/wp-json\/wp\/v2\/media\/12895"}],"wp:attachment":[{"href":"https:\/\/renewablesassociation.ca\/fr\/wp-json\/wp\/v2\/media?parent=12891"}],"wp:term":[{"taxonomy":"post_tag","embeddable":true,"href":"https:\/\/renewablesassociation.ca\/fr\/wp-json\/wp\/v2\/tags?post=12891"},{"taxonomy":"event_taxonomy","embeddable":true,"href":"https:\/\/renewablesassociation.ca\/fr\/wp-json\/wp\/v2\/event_taxonomy?post=12891"}],"curies":[{"name":"wp","href":"https:\/\/api.w.org\/{rel}","templated":true}]}}