{"version":"1.0","provider_name":"Association canadienne de l\u2019\u00e9nergie renouvelable","provider_url":"https:\/\/renewablesassociation.ca\/fr\/","title":"RE+\u00a0Events, Hannover\u00a0Fairs et l\u2019Association canadienne de l\u2019\u00e9nergie renouvelable s\u2019associent dans le cadre de Transition \u00e9lectrique Canada - Association canadienne de l\u2019\u00e9nergie renouvelable","type":"rich","width":600,"height":338,"html":"<blockquote class=\"wp-embedded-content\" data-secret=\"oAnLvyERHU\"><a href=\"https:\/\/renewablesassociation.ca\/fr\/re-events-hannover-fairs-et-canrea-partenariat-tec\/\">RE+\u00a0Events, Hannover\u00a0Fairs et l\u2019Association canadienne de l\u2019\u00e9nergie renouvelable s\u2019associent dans le cadre de Transition \u00e9lectrique Canada<\/a><\/blockquote><iframe sandbox=\"allow-scripts\" security=\"restricted\" src=\"https:\/\/renewablesassociation.ca\/fr\/re-events-hannover-fairs-et-canrea-partenariat-tec\/embed\/#?secret=oAnLvyERHU\" width=\"600\" height=\"338\" title=\"\u00ab\u00a0RE+\u00a0Events, Hannover\u00a0Fairs et l\u2019Association canadienne de l\u2019\u00e9nergie renouvelable s\u2019associent dans le cadre de Transition \u00e9lectrique Canada\u00a0\u00bb &#8212; Association canadienne de l\u2019\u00e9nergie renouvelable\" data-secret=\"oAnLvyERHU\" frameborder=\"0\" marginwidth=\"0\" marginheight=\"0\" scrolling=\"no\" class=\"wp-embedded-content\"><\/iframe><script>\n\/*! This file is auto-generated *\/\n!function(d,l){\"use strict\";l.querySelector&&d.addEventListener&&\"undefined\"!=typeof URL&&(d.wp=d.wp||{},d.wp.receiveEmbedMessage||(d.wp.receiveEmbedMessage=function(e){var t=e.data;if((t||t.secret||t.message||t.value)&&!\/[^a-zA-Z0-9]\/.test(t.secret)){for(var s,r,n,a=l.querySelectorAll('iframe[data-secret=\"'+t.secret+'\"]'),o=l.querySelectorAll('blockquote[data-secret=\"'+t.secret+'\"]'),c=new RegExp(\"^https?:$\",\"i\"),i=0;i<o.length;i++)o[i].style.display=\"none\";for(i=0;i<a.length;i++)s=a[i],e.source===s.contentWindow&&(s.removeAttribute(\"style\"),\"height\"===t.message?(1e3<(r=parseInt(t.value,10))?r=1e3:~~r<200&&(r=200),s.height=r):\"link\"===t.message&&(r=new URL(s.getAttribute(\"src\")),n=new URL(t.value),c.test(n.protocol))&&n.host===r.host&&l.activeElement===s&&(d.top.location.href=t.value))}},d.addEventListener(\"message\",d.wp.receiveEmbedMessage,!1),l.addEventListener(\"DOMContentLoaded\",function(){for(var e,t,s=l.querySelectorAll(\"iframe.wp-embedded-content\"),r=0;r<s.length;r++)(t=(e=s[r]).getAttribute(\"data-secret\"))||(t=Math.random().toString(36).substring(2,12),e.src+=\"#?secret=\"+t,e.setAttribute(\"data-secret\",t)),e.contentWindow.postMessage({message:\"ready\",secret:t},\"*\")},!1)))}(window,document);\n\/\/# sourceURL=https:\/\/renewablesassociation.ca\/wp-includes\/js\/wp-embed.min.js\n<\/script>\n","thumbnail_url":"https:\/\/renewablesassociation.ca\/wp-content\/uploads\/2022\/09\/ETC-Logo-French.jpg","thumbnail_width":1500,"thumbnail_height":900,"description":"Ottawa, 20 septembre 2022 \u2013&nbsp;RE+ Events, Hannover Fairs et l\u2019Association canadienne de l\u2019\u00e9nergie renouvelable (CanREA) sont fiers d\u2019annoncer un nouveau partenariat dans le cadre de Transition \u00e9lectrique Canada (TEC), le plus grand congr\u00e8s et salon professionnel sur l\u2019\u00e9nergie renouvelable au Canada. Cette ann\u00e9e, TEC se tiendra du 26 au 28&nbsp;octobre au Palais des congr\u00e8s du [&hellip;]"}